{"id":352089,"date":"2024-01-24T16:54:23","date_gmt":"2024-01-24T14:54:23","guid":{"rendered":"https:\/\/dev.sysvol.hu\/belso\/?page_id=352089"},"modified":"2024-07-06T08:01:18","modified_gmt":"2024-07-06T06:01:18","slug":"altalanos-szerzodesi-feltetelek","status":"publish","type":"page","link":"https:\/\/cipokellekek.hu\/en\/altalanos-szerzodesi-feltetelek\/","title":{"rendered":"\u00c1ltal\u00e1nos Szerz\u0151d\u00e9si Felt\u00e9telek"},"content":{"rendered":"<section>\n<div class=\"container\">\n<div class=\"row pt-5\">\n<div class=\"col-md-8 offset-md-2\">\n<div class=\"lc-block\">\n<div editable=\"rich\">\n<p>Jelen \u00c1ltal\u00e1nos Szerz\u0151d\u00e9si Felt\u00e9telek (tov\u00e1bbiakban: \u00c1SZF) \u00e9rtelm\u00e9ben V\u00e1llalkoz\u00f3, Szolg\u00e1ltat\u00f3, Sz\u00e1ll\u00edt\u00f3 az Elad\u00f3 , m\u00edg Vev\u0151 a<br \/>\n\t\t\t\t\t\t\tFogyaszt\u00f3, Megrendel\u0151, aki lehet jogi szem\u00e9ly, illetve jogi szem\u00e9lyis\u00e9ggel nem rendelkez\u0151 t\u00e1rsas\u00e1g, term\u00e9szetes szem\u00e9ly,<br \/>\n\t\t\t\t\t\t\tegy\u00fcttesen Felek. <\/p>\n<p>A jelen \u00c1SZF tartalmazza a web\u00e1ruh\u00e1zban megtal\u00e1lhat\u00f3 term\u00e9kek megv\u00e1s\u00e1rl\u00e1s\u00e1val kapcsolatosan a Feleket megillet\u0151 egyes jogokat<br \/>\n\t\t\t\t\t\t\t\u00e9s k\u00f6telezetts\u00e9geket, melyeket a Felek elfogadnak. <\/p>\n<p>Web\u00e1ruh\u00e1z c\u00edme: http:\/\/belso.hu <\/p>\n<\/p><\/div>\n<\/p><\/div>\n<div class=\"lc-block\">\n<div editable=\"rich\">\n<p><strong>A web\u00e1ruh\u00e1z \u00fczemeltet\u0151j\u00e9nek, a V\u00e1llalkoz\u00f3 (tov\u00e1bbiakban: Elad\u00f3) adatai: <\/strong><\/p>\n<p>C\u00e9gn\u00e9v: Bels\u0151 \u00e9s T\u00e1rsa Ipari, Kereskedelmi \u00e9s Szolg\u00e1ltat\u00f3 Korl\u00e1tolt Felel\u0151ss\u00e9g\u0171 T\u00e1rsas\u00e1g <\/p>\n<p>Sz\u00e9khelye: 1152 Budapest, R\u00e1kosmez\u0151 u. 6. <\/p>\n<p>C\u00e9gjegyz\u00e9ksz\u00e1m: 01-09-073913 <\/p>\n<p>Nyilv\u00e1ntart\u00e1st vezet\u0151 C\u00e9gb\u00edr\u00f3s\u00e1g: F\u0151v\u00e1rosi T\u00f6rv\u00e9nysz\u00e9k C\u00e9gb\u00edr\u00f3s\u00e1ga <\/p>\n<p>Ad\u00f3sz\u00e1m:10493058-2-42 <\/p>\n<p>\u00dcgyvezet\u0151: M\u00e9zesn\u00e9 Bels\u0151 H\u00e9di <\/p>\n<p>Banksz\u00e1mlasz\u00e1m : MHB BANK 10101016-51386100-01004007 <\/p>\n<\/p><\/div>\n<\/p><\/div>\n<div class=\"lc-block\">\n<div editable=\"rich\">\n<p><strong>Megrendel\u0151 (tov\u00e1bbiakban Vev\u0151): a web\u00e1ruh\u00e1z jelen szerz\u0151d\u00e9s szerinti felhaszn\u00e1l\u00f3ja. <\/strong><\/p>\n<p>Vev\u0151 esetleges panasz\u00e1t a c\u00e9g sz\u00e9khely c\u00edm\u00e9re k\u00fcldheti meg vagy a lenti el\u00e9rhet\u0151s\u00e9gek egyik\u00e9n k\u00f6z\u00f6lheti: <\/p>\n<p>Telefonsz\u00e1m: 06-1- 3835012 <\/p>\n<p>Faxsz\u00e1m: 06-1-3634449 <\/p>\n<p>E-mail c\u00edm: belso@belso.hu <\/p>\n<\/p><\/div>\n<\/p><\/div>\n<div class=\"lc-block\">\n<div editable=\"rich\">\n<p><strong>\u00c1SZF elfogad\u00e1sa: <\/strong><\/p>\n<p>1. A web\u00e1ruh\u00e1zon kereszt\u00fcl t\u00f6rt\u00e9n\u0151 v\u00e1s\u00e1rl\u00e1s sor\u00e1n Vev\u0151 k\u00f6teles elfogadni a jelen \u00c1SZF felt\u00e9teleit, ennek elfogad\u00e1sa eset\u00e9n a<br \/>\n\t\t\t\t\t\t\tjelen \u00c1SZF szerinti szerz\u0151d\u00e9s j\u00f6n l\u00e9tre az Elad\u00f3 \u00e9s Vev\u0151 k\u00f6z\u00f6tt. <\/p>\n<p>2. Amennyiben a felhaszn\u00e1l\u00f3 az \u00c1SZF felt\u00e9teleit nem fogadja el, akkor nem veheti ig\u00e9nybe a Web\u00e1ruh\u00e1z szolg\u00e1ltat\u00e1sait. A<br \/>\n\t\t\t\t\t\t\tweb\u00e1ruh\u00e1zban nem lehets\u00e9ges el\u0151zetes regisztr\u00e1ci\u00f3 n\u00e9lk\u00fcl v\u00e1s\u00e1rolni. <\/p>\n<p>3. V\u00e1s\u00e1rl\u00e1si \/ megrendel\u00e9si felt\u00e9telek: <\/p>\n<p>&#8211; A Web\u00e1ruh\u00e1zban t\u00f6rt\u00e9n\u0151 v\u00e1s\u00e1rl\u00e1s a jelen \u00c1SZF-ben meghat\u00e1rozott m\u00f3don, elektronikus \u00faton t\u00f6rt\u00e9n\u0151 megrendel\u00e9ssel lehets\u00e9ges. A<br \/>\n\t\t\t\t\t\t\tmegrendel\u00e9s \u00e9s szerz\u0151d\u00e9sk\u00f6t\u00e9s minden esetben magyar nyelven t\u00f6rt\u00e9nik. <\/p>\n<p>&#8211; A web\u00e1ruh\u00e1zban csak az a nagykor\u00fa, cselekv\u0151k\u00e9pes szem\u00e9ly v\u00e1s\u00e1rolhat, aki a rendel\u00e9s lead\u00e1sa sor\u00e1n nev\u00e9t, c\u00e9g nev\u00e9t, mobil<br \/>\n\t\t\t\t\t\t\ttelefonsz\u00e1m\u00e1t illetve bejelentett lakc\u00edm\u00e9t megadja. Elad\u00f3 fenntartja mag\u00e1nak a jogot arra, hogy a Megrendel\u0151\/Vev\u0151 (v\u00e1s\u00e1rl\u00e1skor<br \/>\n\t\t\t\t\t\t\tmegadott) adatainak val\u00f3dis\u00e1g\u00e1r\u00f3l meggy\u0151z\u0151dj\u00f6n, \u00e9s amennyiben az abban foglalt adatok val\u00f3dis\u00e1ga megk\u00e9rd\u0151jelezhet\u0151, \u00fagy a<br \/>\n\t\t\t\t\t\t\tmegrendel\u00e9st t\u00f6r\u00f6lje. M\u00e1s nev\u00e9re sz\u00f3l\u00f3 megrendel\u00e9st a Szolg\u00e1ltat\u00f3 nem fogad el. <\/p>\n<p>&#8211; Vev\u0151 az Elad\u00f3 weblapj\u00e1n tal\u00e1lhat\u00f3, az \u00e1ltala megrendel\u00e9s sz\u00e1nd\u00e9k\u00e1val kiv\u00e1lasztott term\u00e9ket a kos\u00e1rba helyezi, megjel\u00f6lve<br \/>\n\t\t\t\t\t\t\tezzel egyidej\u0171leg az \u00e1ltala megrendelni k\u00edv\u00e1nt term\u00e9kek fajt\u00e1j\u00e1t, sz\u00edn\u00e9t \u00e9s fajt\u00e1nk\u00e9nti mennyis\u00e9get. A megrendel\u00e9s<br \/>\n\t\t\t\t\t\t\tmeger\u0151s\u00edt\u00e9s\u00e9nek visszak\u00fcld\u00e9s\u00e9vel a Felek ad\u00e1sv\u00e9teli szerz\u0151d\u00e9st k\u00f6tnek egym\u00e1ssal, melynek alapj\u00e1n az Elad\u00f3 k\u00f6teles a term\u00e9k<br \/>\n\t\t\t\t\t\t\ttulajdon\u00e1t a Vev\u0151re \u00e1truh\u00e1zni \u00e9s a term\u00e9ket a Vev\u0151 birtok\u00e1ba bocs\u00e1tani, a Vev\u0151 pedig k\u00f6teles a v\u00e9tel\u00e1rat megfizetni \u00e9s a<br \/>\n\t\t\t\t\t\t\tterm\u00e9ket \u00e1tvenni. <\/p>\n<p>&#8211; Elad\u00f3t a Vev\u0151 \u00e1ltal t\u00e9vesen \u00e9s\/vagy pontatlanul megadott adatokra visszavezethet\u0151 sz\u00e1ll\u00edt\u00e1si k\u00e9sedelem\u00e9rt, t\u00e9ves<br \/>\n\t\t\t\t\t\t\tteljes\u00edt\u00e9s\u00e9rt, illetve egy\u00e9b probl\u00e9m\u00e1\u00e9rt, hib\u00e1\u00e9rt semminem\u0171 felel\u0151ss\u00e9g nem terheli. <\/p>\n<p>&#8211; Vev\u0151 \u00e1ltal megrendelt, majd \u00e1t nem vett megrendel\u00e9s\u00e9nek sz\u00e1ll\u00edt\u00e1si k\u00f6lts\u00e9gei, illetve az Elad\u00f3nak az ezzel okozott egy\u00e9b<br \/>\n\t\t\t\t\t\t\tk\u00e1r\u00e1t Vev\u0151 k\u00f6teles Elad\u00f3nak megfizetni, legk\u00e9s\u0151bb az Elad\u00f3 \u00e1ltal a Vev\u0151nek eljutatott fizet\u00e9si felsz\u00f3l\u00edt\u00e1s Vev\u0151 \u00e1ltal megadott<br \/>\n\t\t\t\t\t\t\temail c\u00edmre t\u00f6rt\u00e9n\u0151 meg\u00e9rkez\u00e9s\u00e9t\u0151l sz\u00e1m\u00edtott 48 \u00f3r\u00e1n bel\u00fcl. <\/p>\n<p>&#8211; Vev\u0151 megrendel\u00e9s\u00e9nek visszaigazol\u00e1sa minden esetben tartalmazza az \u00e1ltala megrendelt term\u00e9kek megnevez\u00e9s\u00e9t, fajt\u00e1j\u00e1t, sz\u00edn\u00e9t,<br \/>\n\t\t\t\t\t\t\tilletve fajt\u00e1nk\u00e9nt mennyis\u00e9g\u00e9t, a sz\u00e1ll\u00edt\u00e1s \u00e9s a fizet\u00e9s Vev\u0151 \u00e1ltal kiv\u00e1lasztott m\u00f3dj\u00e1t, a term\u00e9k \u00e1r\u00e1t, a sz\u00e1ll\u00edt\u00e1si<br \/>\n\t\t\t\t\t\t\tk\u00f6lts\u00e9get, valamint a Megrendel\u0151 \u00e1ltal v\u00e1llalt v\u00e1rhat\u00f3 sz\u00e1ll\u00edt\u00e1si hat\u00e1rid\u0151t. Elad\u00f3 a tudom\u00e1s\u00e1ra jut\u00e1st k\u00f6vet\u0151en minden esetben<br \/>\n\t\t\t\t\t\t\thalad\u00e9ktalanul t\u00e1j\u00e9koztatja Vev\u0151t, ha a megrendelt term\u00e9ket nem vagy nem a megrendelt mennyis\u00e9gben tudja kisz\u00e1ll\u00edtani, illetve<br \/>\n\t\t\t\t\t\t\ta megrendel\u00e9st a visszaigazol\u00e1sban szerepl\u0151 hat\u00e1rid\u0151ben nem tudja lesz\u00e1ll\u00edtani. Elad\u00f3 a Vev\u0151t a fenti k\u00f6r\u00fclm\u00e9nyekr\u0151l legk\u00e9s\u0151bb<br \/>\n\t\t\t\t\t\t\taz eredeti sz\u00e1ll\u00edt\u00e1si hat\u00e1rid\u0151ig \u00edr\u00e1sban t\u00e1j\u00e9koztatja a m\u00f3dosult sz\u00e1ll\u00edt\u00e1si hat\u00e1rid\u0151 megjel\u00f6l\u00e9s\u00e9vel, azzal, hogy a Vev\u0151 ezen<br \/>\n\t\t\t\t\t\t\tt\u00e1j\u00e9koztat\u00e1s meg\u00e9rkez\u00e9s\u00e9t k\u00f6vet\u0151 48 \u00f3r\u00e1n bel\u00fcl jelezheti Elad\u00f3 fel\u00e9, hogy a sz\u00e1ll\u00edt\u00e1st a m\u00f3dosult felt\u00e9telekkel is elfogadja<br \/>\n\t\t\t\t\t\t\tszerz\u0151d\u00e9sszer\u0171 teljes\u00edt\u00e9snek, vagy hogy a megrendel\u00e9st\u0151l el k\u00edv\u00e1n \u00e1llni. A megrendel\u00e9s fenntart\u00e1s\u00e1hoz Vev\u0151 kifejezett,<br \/>\n\t\t\t\t\t\t\t\u00edr\u00e1sbeli nyilatkozata sz\u00fcks\u00e9ges. <\/p>\n<p>&#8211; A leadott rendel\u00e9seket Vev\u0151k csak \u00e9s kiz\u00e1r\u00f3lag emailben v\u00e1ltoztathatj\u00e1k meg. M\u00e1r post\u00e1ra adott rendel\u00e9seken &#8211; az err\u0151l sz\u00f3l\u00f3<br \/>\n\t\t\t\t\t\t\tki\u00e9rtes\u00edt\u00e9st k\u00f6vet\u0151en &#8211; Vev\u0151 m\u00e1r nem v\u00e1ltoztathat. <\/p>\n<p>&#8211; Vev\u0151nek\/Megrendel\u0151nek vagy meghatalmazottj\u00e1nak a sz\u00e1ll\u00edt\u00f3lev\u00e9len, sz\u00e1ml\u00e1n szerepl\u0151 al\u00e1\u00edr\u00e1sa a term\u00e9k mennyis\u00e9gi \u00e1tv\u00e9tel\u00e9t<br \/>\n\t\t\t\t\t\t\ttan\u00fas\u00edtja. Az \u00e1tv\u00e9tel a sz\u00e1ll\u00edt\u00f3lev\u00e9len\/sz\u00e1ml\u00e1n szerepl\u0151 adatok alapj\u00e1n t\u00f6rt\u00e9nik, melynek alapja, a hiteles\u00edtett darabsz\u00e1ml\u00e1l\u00f3<br \/>\n\t\t\t\t\t\t\tm\u00e9rleg \u00e1ltal kinyomtatott c\u00edmke. <\/p>\n<p>&#8211; Elad\u00f3 a weboldal\u00e1n kereszt\u00fcl l\u00e9trej\u00f6tt szerz\u0151d\u00e9seket 1 \u00e9vig sz\u00e9khely\u00e9n \u0151rzi. <\/p>\n<\/p><\/div>\n<\/p><\/div>\n<div class=\"lc-block\">\n<div editable=\"rich\">\n<p><strong>Megrendel\u00e9s menete: <\/strong><\/p>\n<p>&#8211; Web\u00e1ruh\u00e1zunkban regisztr\u00e1l\u00e1st k\u00f6vet\u0151en v\u00e1s\u00e1rolhat. <\/p>\n<p>&#8211; A v\u00e1s\u00e1rolni k\u00edv\u00e1nt term\u00e9k m\u00e9ret\u00e9nek, sz\u00edn\u00e9nek, mennyis\u00e9g\u00e9nek megad\u00e1s\u00e1t k\u00f6vet\u0151en a kos\u00e1rba kell helyezni. <\/p>\n<p>&#8211; Amennyiben a term\u00e9kek, a mennyis\u00e9gek, sz\u00ednek, m\u00e9retek megfelel\u0151ek, k\u00e9rj\u00fck v\u00e1lassza ki az \u00d6nnek megfelel\u0151 \u00c1tv\u00e9teli m\u00f3dot. <\/p>\n<p>&#8211; El\u0151re utal\u00e1s eset\u00e9n, amelyr\u0151l emailen visszaigazol\u00e1st is kap, Elad\u00f3 ki\u00e1ll\u00edtja a sz\u00e1ml\u00e1t, ami az \u00e1ru forgalmi \u00e9rt\u00e9k\u00e9t \u00e9s a<br \/>\n\t\t\t\t\t\t\tsz\u00e1ll\u00edt\u00e1si k\u00f6lts\u00e9get is tartalmazza. <\/p>\n<p>&#8211; Ut\u00e1nv\u00e9t eset\u00e9n, illetve szem\u00e9lyes \u00e1tv\u00e9telkor a Vev\u0151\/ Megrendel\u0151 a sz\u00e1ml\u00e1t a kisz\u00e1ll\u00edt\u00e1skor, illetve az \u00e1tv\u00e9telkor veszi<br \/>\n\t\t\t\t\t\t\tk\u00e9zhez. <\/p>\n<p>Elad\u00f3 lehet\u0151s\u00e9get biztos\u00edt arra, hogy Vev\u0151 a kiv\u00e1lasztott term\u00e9kekre el\u0151zetesen \u00e1raj\u00e1nlatot k\u00e9rjen, amely nem k\u00f6telezi Vev\u0151t a<br \/>\n\t\t\t\t\t\t\tterm\u00e9k megrendel\u00e9s\u00e9re. <\/p>\n<\/p><\/div>\n<\/p><\/div>\n<div class=\"lc-block\">\n<div editable=\"rich\">\n<p><strong>Ad\u00e1sv\u00e9teli szerz\u0151d\u00e9s l\u00e9trej\u00f6tte: <\/strong><\/p>\n<p>1. Amennyiben a Vev\u0151 megrendel\u00e9s\u00e9t k\u00fcld a http:\/\/belso.hu weboldal\u00e1n kereszt\u00fcl \u00e9s az Elad\u00f3 a megrendel\u00e9st e-mailben<br \/>\n\t\t\t\t\t\t\tvisszaigazolja, \u00fagy Felek k\u00f6z\u00f6tt ad\u00e1sv\u00e9teli szerz\u0151d\u00e9s j\u00f6n l\u00e9tre. Amennyiben a megrendel\u00e9s meg\u00e9rkez\u00e9s\u00e9t visszaigazol\u00f3 e-mail<br \/>\n\t\t\t\t\t\t\tVev\u0151h\u00f6z 48 \u00f3r\u00e1n bel\u00fcl nem \u00e9rkezik meg, akkor Vev\u0151 mentes\u00fcl az aj\u00e1nlati k\u00f6t\u00f6tts\u00e9g al\u00f3l, nem k\u00f6teles a megrendelt term\u00e9ket<br \/>\n\t\t\t\t\t\t\tmegvenni. <\/p>\n<p>2. Vev\u0151 elfogadja, hogy az ily m\u00f3don k\u00f6t\u00f6tt szerz\u0151d\u00e9s \u00edr\u00e1sban megk\u00f6t\u00f6ttnek min\u0151s\u00fcl, \u00e9s arra Magyarorsz\u00e1gon hat\u00e1lyos t\u00f6rv\u00e9nyi<br \/>\n\t\t\t\t\t\t\trendelkez\u00e9sek az \u00e9rv\u00e9nyesek, k\u00fcl\u00f6n\u00f6s tekintettel az itt r\u00e9szletezett \u00c1SZF rendelkez\u00e9sei. <\/p>\n<p>3. A szerz\u0151d\u00e9s magyar nyelven j\u00f6n l\u00e9tre, a Web\u00e1ruh\u00e1z elektronikus form\u00e1ban, automatikusan t\u00e1rolja. A felhaszn\u00e1l\u00f3 sz\u00e1m\u00e1ra a<br \/>\n\t\t\t\t\t\t\tWeb\u00e1ruh\u00e1zba t\u00f6rt\u00e9n\u0151 bejelentkez\u00e9s ut\u00e1n hozz\u00e1f\u00e9rhet\u0151. Annak tartalm\u00e1t elolvashatja, mentheti vagy kinyomtathatja. <\/p>\n<\/p><\/div>\n<\/p><\/div>\n<div class=\"lc-block\">\n<div editable=\"rich\">\n<p><strong>El\u00e1ll\u00e1s joga: <\/strong><\/p>\n<p>A weben megrendelt term\u00e9k(ek) k\u00e9zhez v\u00e9tel\u00e9t\u0151l sz\u00e1m\u00edtott 14 munkanapon bel\u00fcl a Vev\u0151nek joga van el\u00e1llni v\u00e1s\u00e1rl\u00e1si sz\u00e1nd\u00e9k\u00e1t\u00f3l.<br \/>\n\t\t\t\t\t\t\tEbben az esetben az Elad\u00f3 k\u00f6teles a term\u00e9k\u00e9rt kifizetett v\u00e9tel\u00e1rat visszat\u00e9r\u00edteni a Vev\u0151nek, legk\u00e9s\u0151bb az el\u00e1ll\u00e1st, illetve a<br \/>\n\t\t\t\t\t\t\tterm\u00e9k visszaszolg\u00e1ltat\u00e1s\u00e1t k\u00f6vet\u0151 30 napon bel\u00fcl. A visszat\u00e9r\u00edt\u00e9s a sz\u00e1ll\u00edt\u00e1si k\u00f6lts\u00e9gre nem vonatkozik, valamint a term\u00e9k<br \/>\n\t\t\t\t\t\t\tvisszajuttat\u00e1s\u00e1nak k\u00f6lts\u00e9ge is Vev\u0151t terhelik. Jelen dokumentumban nem szab\u00e1lyozott k\u00e9rd\u00e9sekkel kapcsolatban l\u00e1sd: A<br \/>\n\t\t\t\t\t\t\tt\u00e1voll\u00e9v\u0151k k\u00f6z\u00f6tt k\u00f6t\u00f6tt szerz\u0151d\u00e9sekr\u0151l sz\u00f3l\u00f3 17\/1999.(II.5.) Korm\u00e1nyrendelet. <\/p>\n<p>Amennyiben el\u00e1ll\u00e1si jog\u00e1val k\u00edv\u00e1n \u00e9lni, azt \u00edr\u00e1sban, lev\u00e9lben vagy e-mailben teheti meg, hivatkozva a term\u00e9kre \u00e9s a<br \/>\n\t\t\t\t\t\t\tmegrendel\u00e9sre. El\u00e1ll\u00e1si jog\u00e1t a term\u00e9k k\u00e9zhezv\u00e9tel\u00e9t\u0151l sz\u00e1m\u00edtott 14 munkanapon bel\u00fcl teheti meg. Postai lev\u00e9l \u00fatj\u00e1n t\u00f6rt\u00e9n\u0151<br \/>\n\t\t\t\t\t\t\tel\u00e1ll\u00e1sn\u00e1l a lev\u00e9l post\u00e1ra ad\u00e1s\u00e1nak d\u00e1tum\u00e1t vessz\u00fck figyelembe, a 14 munkanap besz\u00e1m\u00edt\u00e1sakor. A levelet lehet\u0151leg<br \/>\n\t\t\t\t\t\t\tt\u00e9rtivev\u00e9nyes lev\u00e9lk\u00e9nt adja fel, hogy egy\u00e9rtelm\u0171en bizony\u00edthat\u00f3 legyen a felad\u00e1s d\u00e1tuma. A megrendelt term\u00e9ket juttassa<br \/>\n\t\t\t\t\t\t\tvissza c\u00e9g\u00fcnk c\u00edm\u00e9re. A visszak\u00fcld\u00e9ssel felmer\u00fcl\u0151 postak\u00f6lts\u00e9gek a v\u00e1s\u00e1rl\u00f3t terhelik. A term\u00e9ket ne ut\u00e1nv\u00e9tellel k\u00fcldje<br \/>\n\t\t\t\t\t\t\tvissza! Az ut\u00e1nv\u00e9tellel visszak\u00fcld\u00f6tt csomagot nem \u00e1ll m\u00f3dunkban \u00e1tvenni, annak visszajuttat\u00e1s\u00e1nak k\u00f6lts\u00e9ge is a vev\u0151t<br \/>\n\t\t\t\t\t\t\tterheli! A nem rendeltet\u00e9sszer\u0171en haszn\u00e1lt term\u00e9kekre, illetve a m\u00e1r haszn\u00e1lt term\u00e9kekre az el\u00e1ll\u00e1si jog nem vonatkozik! A<br \/>\n\t\t\t\t\t\t\tterm\u00e9k visszak\u00fcld\u00e9st k\u00f6vet\u0151 30 napon bel\u00fcl a term\u00e9k \u00e1r\u00e1t a megadott sz\u00e1mlasz\u00e1mra visszautaljuk. 17\/1999 (II.5.)<br \/>\n\t\t\t\t\t\t\tKorm\u00e1nyrendelet 29\u00a7 eset\u00e9ben, k\u00fcl\u00f6n\u00f6s tekintettel \u00a7 a) \u00e9s d) \u2013 a fogyaszt\u00f3 el\u00e1ll\u00e1si jog\u00e1val nem \u00e9lhet, ha rendel\u00e9s\u00e9t jelen<br \/>\n\t\t\t\t\t\t\tweboldalon leadta, Elad\u00f3 id\u0151ben \u00e9s tartalomban pontosan megfelel\u0151 t\u00e9teleket kisz\u00e1ll\u00edtotta, de a Vev\u0151 m\u00e9gsem k\u00edv\u00e1nja \u00e1tvenni.<br \/>\n\t\t\t\t\t\t\tM\u00e1sfel\u0151l a Vev\u0151t nem illeti meg az el\u00e1ll\u00e1s joga olyan term\u00e9kekn\u00e9l, melyek kifejezetten az \u0151 ig\u00e9nyeire (egyedileg k\u00e9sz\u00edtve)<br \/>\n\t\t\t\t\t\t\tk\u00e9sz\u00fcltek. A korm\u00e1nyrendelet ez esetben \u2013 a helyes teljes\u00edt\u00e9sre tekintettel \u2013 nem k\u00f6telezi az Elad\u00f3t sem a term\u00e9kek<br \/>\n\t\t\t\t\t\t\tvisszasz\u00e1ll\u00edt\u00e1s\u00e1ra, sem a d\u00edjak visszafizet\u00e9s\u00e9re. <\/p>\n<\/p><\/div>\n<\/p><\/div>\n<div class=\"lc-block\">\n<div editable=\"rich\">\n<p><strong>A term\u00e9k l\u00e9nyeges tulajdons\u00e1gai: <\/strong><\/p>\n<p>Az Elad\u00f3 \u00e1ltal megv\u00e9telre k\u00edn\u00e1lt, \u00e1rukatal\u00f3gus\u00e1ban szerepl\u0151 \u00e9s a Vev\u0151 \u00e1ltal megrendelhet\u0151, megv\u00e1s\u00e1rolhat\u00f3 term\u00e9kek k\u00f6re az<br \/>\n\t\t\t\t\t\t\tElad\u00f3 honlapj\u00e1n tekinthet\u0151 meg, m\u00edg az egyes term\u00e9kek specifik\u00e1ci\u00f3ja az adott term\u00e9kre kattintva \u00e9rhet\u0151 el. <\/p>\n<p>Elad\u00f3 k\u00fcl\u00f6n felh\u00edvja Vev\u0151 figyelm\u00e9t arra, hogy a nem megfelel\u0151 k\u00f6r\u00fclm\u00e9nyek k\u00f6z\u00f6tt t\u00e1rolt \u00e9s nem rendeltet\u00e9sszer\u0171en felhaszn\u00e1lt<br \/>\n\t\t\t\t\t\t\tterm\u00e9kekre szavatoss\u00e1got nem v\u00e1llal. <\/p>\n<p>Amennyiben Swarovski k\u0151vel d\u00edsz\u00edtett a term\u00e9k \u00e9s a Vev\u0151n\u00e9l t\u00f6rt\u00e9n\u0151 t\u00e1rol\u00e1s vagy felhaszn\u00e1l\u00e1s sor\u00e1n old\u00f3szerrel \u00e9rintkezik,<br \/>\n\t\t\t\t\t\t\tmin\u0151s\u00e9gi roml\u00e1s k\u00f6vetkezhet be, amely\u00e9rt Elad\u00f3 nem v\u00e1llal szavatoss\u00e1got. <\/p>\n<p>Vev\u0151 tudom\u00e1sul veszi, hogy az \u00e1ltala megrendelt term\u00e9kek v\u00e1lasztott sz\u00edn \u00e1rnyalata anyagt\u00edpusonk\u00e9nt, illetve a monitor<br \/>\n\t\t\t\t\t\t\tsz\u00ednbe\u00e1ll\u00edt\u00e1s\u00e1t\u00f3l f\u00fcgg\u0151en a val\u00f3s\u00e1gt\u00f3l elt\u00e9rhet. <\/p>\n<\/p><\/div>\n<\/p><\/div>\n<div class=\"lc-block\">\n<div editable=\"rich\">\n<p><strong>Sz\u00e1ll\u00edt\u00e1si felt\u00e9telek: <\/strong><\/p>\n<p>a.) Amennyiben a fizet\u00e9si m\u00f3dn\u00e1l az &#8222;ut\u00e1nv\u00e9t\u201d opci\u00f3t v\u00e1lasztja, \u00e9s belf\u00f6ldi k\u00e9zbes\u00edt\u00e9sr\u0151l van sz\u00f3, a megrendelt term\u00e9k\/ek\/<br \/>\n\t\t\t\t\t\t\tk\u00e9zbes\u00edt\u00e9se az al\u00e1bbiak szerint t\u00f6rt\u00e9nik: <\/p>\n<p>A megrendelt term\u00e9kek h\u00e1zhoz sz\u00e1ll\u00edt\u00e1s\u00e1t Magyarorsz\u00e1gon bel\u00fcl az Elad\u00f3 \u00e1ltal v\u00e1lasztott fut\u00e1rszolg\u00e1lat v\u00e9gzi. <\/p>\n<p>A term\u00e9k sz\u00e1ll\u00edt\u00e1si k\u00f6lts\u00e9ge a sz\u00e1ll\u00edtott term\u00e9k s\u00falya \u00e9s ut\u00e1nv\u00e9t\u00f6sszege alapj\u00e1n kalkul\u00e1l\u00f3dik. A rendel\u00e9sn\u00e9l a sz\u00e1ll\u00edt\u00e1si<br \/>\n\t\t\t\t\t\t\tk\u00f6lts\u00e9g a maximumot jel\u00f6li, \u00e9s t\u00e1j\u00e9koztat\u00f3 jelleg\u0171. Elad\u00f3 a sz\u00e1ll\u00edt\u00e1si k\u00f6lts\u00e9geket mindig a fut\u00e1rc\u00e9g aktu\u00e1lis \u00e1raihoz<br \/>\n\t\t\t\t\t\t\tigaz\u00edtja, ezekre nincs r\u00e1hat\u00e1sa. Az ut\u00e1nv\u00e9tellel val\u00f3 fizet\u00e9s a term\u00e9k \u00e1tv\u00e9tel\u00e9vel egy id\u0151ben, az \u00e1tv\u00e9tel hely\u00e9n t\u00f6rt\u00e9nik. Az<br \/>\n\t\t\t\t\t\t\tut\u00e1nv\u00e9tes k\u00e9zbes\u00edt\u00e9s csak Magyarorsz\u00e1g ter\u00fclet\u00e9n vehet\u0151 ig\u00e9nybe. Egyszerre t\u00f6bb term\u00e9k megrendel\u00e9se eset\u00e9n az Elad\u00f3 a<br \/>\n\t\t\t\t\t\t\tterm\u00e9keket egy csomagban k\u00fcldi el a Vev\u0151nek, kedvez\u0151bb sz\u00e1ll\u00edt\u00e1si k\u00f6lts\u00e9g el\u00e9r\u00e9se \u00e9rdek\u00e9ben. <\/p>\n<p>A h\u00e1zhoz sz\u00e1ll\u00edt\u00e1s d\u00edja a Magyarorsz\u00e1gon bel\u00fcli sz\u00e1ll\u00edt\u00e1si c\u00edmre t\u00f6rt\u00e9n\u0151, egyszeri kisz\u00e1ll\u00edt\u00e1sra \u00e9rv\u00e9nyes. Ha a Vev\u0151 hib\u00e1j\u00e1b\u00f3l<br \/>\n\t\t\t\t\t\t\thi\u00fasul meg az \u00e1ru \u00e1tad\u00e1sa Vev\u0151 az ism\u00e9telt kisz\u00e1ll\u00edt\u00e1s d\u00edj\u00e1t k\u00f6teles megt\u00e9r\u00edteni. Amennyiben egy c\u00edmr\u0151l, vagy azonos Vev\u0151t\u0151l<br \/>\n\t\t\t\t\t\t\tk\u00e9t vagy t\u00f6bb alkalommal ker\u00fcl sor sikertelen k\u00e9zbes\u00edt\u00e9sre, ezen Vev\u0151t\u0151l, illetve ezen c\u00edmre az Elad\u00f3 a tov\u00e1bbiakban csak<br \/>\n\t\t\t\t\t\t\tel\u0151re fizet\u00e9s eset\u00e9n k\u00fcld \u00fajabb \u00e1rut, melyr\u0151l Elad\u00f3 Vev\u0151t a megrendel\u00e9s visszaigazol\u00e1s\u00e1ra ir\u00e1nyad\u00f3 felt\u00e9telek szerint<br \/>\n\t\t\t\t\t\t\tt\u00e1j\u00e9koztatja. <\/p>\n<p>b.) Amennyiben a fizet\u00e9si m\u00f3dn\u00e1l a \u201efizet\u00e9s el\u0151re utal\u00e1ssal\u201d opci\u00f3t v\u00e1lasztja, \u00fagy az utal\u00e1sa a lenti kedvezm\u00e9nyezett nev\u00e9re,<br \/>\n\t\t\t\t\t\t\tsz\u00e1mlasz\u00e1m\u00e1ra t\u00f6rt\u00e9njen: <\/p>\n<p>Kedvezm\u00e9nyezett neve: Bels\u0151 \u00e9s T\u00e1rsa Kft. <\/p>\n<p>Kedvezm\u00e9nyezett banksz\u00e1mlasz\u00e1ma (MHB Bank): 10101016-51386100-010040007 <\/p>\n<p>A k\u00f6zlem\u00e9ny rovatba k\u00e9rj\u00fck a Vev\u0151 nev\u00e9t \u00e9s az el\u0151zetesen megkapott sz\u00e1mla sz\u00e1m\u00e1t felt\u00fcntetni! <\/p>\n<p>El\u0151zetes banki \u00e1tutal\u00e1s eset\u00e9n a Vev\u0151 a megrendel\u00e9s visszaigazol\u00e1s\u00e1t \u00e9s a sz\u00e1mla meg\u00e9rkez\u00e9s\u00e9t k\u00f6vet\u0151en 5 munkanapon bel\u00fcl az<br \/>\n\t\t\t\t\t\t\tElad\u00f3 sz\u00e1mlasz\u00e1m\u00e1ra utalja \u00e1t a v\u00e9tel\u00e1rat, valamint a sz\u00e1ll\u00edt\u00e1si k\u00f6lts\u00e9get. <\/p>\n<p>A sz\u00e1ll\u00edt\u00e1s Magyarorsz\u00e1gon bel\u00fcl lehets\u00e9ges, egy\u00e9b c\u00e9lorsz\u00e1g eset\u00e9n a sz\u00e1ll\u00edt\u00e1s k\u00f6lts\u00e9gegyeztet\u00e9s ut\u00e1n t\u00f6rt\u00e9nik. Elad\u00f3 csak<br \/>\n\t\t\t\t\t\t\takkor k\u00f6teles a megrendelt term\u00e9kek sz\u00e1ll\u00edt\u00e1s\u00e1r\u00f3l gondoskodni, am\u00edg Vev\u0151 megrendel\u00e9s\u00e9nek a teljes v\u00e9tel\u00e1ra hi\u00e1nytalanul<br \/>\n\t\t\t\t\t\t\tsz\u00e1ml\u00e1j\u00e1ra j\u00f3v\u00e1\u00edr\u00e1sra nem ker\u00fclt. Az Elad\u00f3 5 munkanap fizet\u00e9si hat\u00e1rid\u0151t jel\u00f6l ki, \u00edgy amennyiben a megrendel\u00e9st\u0151l sz\u00e1m\u00edtott 5<br \/>\n\t\t\t\t\t\t\tmunkanapon bel\u00fcl nem \u00e9rkezik az Elad\u00f3 sz\u00e1ml\u00e1j\u00e1ra a megrendel\u00e9snek megfelel\u0151 \u00f6sszeg, az Elad\u00f3 a megrendel\u00e9st semmisnek tekinti.<br \/>\n\t\t\t\t\t\t\tAz Elad\u00f3 minden esetben a csomagban elk\u00fcldi a Vev\u0151nek az eredeti sz\u00e1ml\u00e1t, melyet a Vev\u0151 k\u00f6teles meg\u0151rizni. <\/p>\n<p>A Vev\u0151 k\u00f6teles a term\u00e9k csomagol\u00e1s\u00e1nak s\u00e9rtetlens\u00e9g\u00e9t \u00e1tv\u00e9telekor ellen\u0151rizni, megfelel\u0151 teljes\u00edt\u00e9s eset\u00e9n a term\u00e9ket a<br \/>\n\t\t\t\t\t\t\tsz\u00e1ll\u00edt\u00f3lev\u00e9l al\u00e1\u00edr\u00e1s\u00e1val \u00e1tvenni, elismerve ezzel a teljes\u00edt\u00e9s t\u00e9ny\u00e9t, hely\u00e9t \u00e9s id\u0151pontj\u00e1t. Ennek megt\u00f6rt\u00e9nte eset\u00e9n az<br \/>\n\t\t\t\t\t\t\tElad\u00f3 hi\u00e1nyoss\u00e1gokra vonatkoz\u00f3 kifog\u00e1st nem fogad el. Az Elad\u00f3 minden esetben megfelel\u0151en gondoskodik a csomag megfelel\u0151,<br \/>\n\t\t\t\t\t\t\tsz\u00e1ll\u00edt\u00e1sra alkalmas csomagol\u00e1s\u00e1r\u00f3l. Amennyiben Vev\u0151 \u00e1tv\u00e9telkor a csomagon b\u00e1rmilyen l\u00e1that\u00f3 s\u00e9r\u00fcl\u00e9st tapasztal, jogosult az<br \/>\n\t\t\t\t\t\t\t\u00e1tv\u00e9telt megtagadni, mely t\u00e9nyt a megtagad\u00e1s ok\u00e1nak felt\u00fcntet\u00e9s\u00e9vel a sz\u00e1ll\u00edt\u00f3lev\u00e9len fel kell t\u00fcntetni, a Vev\u0151nek pedig al\u00e1<br \/>\n\t\t\t\t\t\t\tkell \u00edrni. A sz\u00e1ll\u00edt\u00e1s sor\u00e1n keletkezett k\u00e1rok\u00e9rt a sz\u00e1ll\u00edt\u00f3t terheli a felel\u0151ss\u00e9g, az Elad\u00f3 \u00e9s a mindenkori sz\u00e1ll\u00edt\u00f3 k\u00f6z\u00f6tt,<br \/>\n\t\t\t\t\t\t\tk\u00fcl\u00f6n fenn\u00e1ll\u00f3 szerz\u0151d\u00e9s szerint. <\/p>\n<p>A term\u00e9kek kisz\u00e1ll\u00edt\u00e1s\u00e1t az Elad\u00f3 a v\u00e1s\u00e1rl\u00f3val egyeztetett id\u0151pontban v\u00e9gzi. <\/p>\n<p>c.) Amennyiben Vev\u0151 a megrendelt term\u00e9keket szem\u00e9lyesen k\u00edv\u00e1nja \u00e1tvenni, \u00fagy azt Elad\u00f3 sz\u00e9khely\u00e9n teheti meg, el\u0151zetesen<br \/>\n\t\t\t\t\t\t\tegyeztetett id\u0151pontban. Szem\u00e9lyes \u00e1tv\u00e9teln\u00e9l csak az \u00e1ru \u00e1r\u00e1t kell megfizetni, sz\u00e1ll\u00edt\u00e1si k\u00f6lts\u00e9g a Vev\u0151t nem terheli. <\/p>\n<p>A megrendelt term\u00e9keket a visszaigazol\u00e1st\u00f3l sz\u00e1m\u00edtott 10 napig tartjuk fenn, ut\u00e1na automatikusan t\u00f6r\u00f6lj\u00fck. <\/p>\n<\/p><\/div>\n<\/p><\/div>\n<div class=\"lc-block\">\n<div editable=\"rich\">\n<p><strong>Kell\u00e9k, &#8211; term\u00e9kszavatoss\u00e1g \u00e9s j\u00f3t\u00e1ll\u00e1s: <\/strong><\/p>\n<p>Vev\u0151 hib\u00e1s teljes\u00edt\u00e9s eset\u00e9n az Elad\u00f3val szemben kell\u00e9kszavatoss\u00e1gi ig\u00e9nyt \u00e9rv\u00e9nyes\u00edthet a 2013. V. t\u00f6rv\u00e9ny (Polg\u00e1ri<br \/>\n\t\t\t\t\t\t\tT\u00f6rv\u00e9nyk\u00f6nyv) alapj\u00e1n. \u00cdgy k\u00e9rheti a kiv\u00e1lasztott term\u00e9k kijav\u00edt\u00e1s\u00e1t vagy kicser\u00e9l\u00e9s\u00e9t, kiv\u00e9ve, ha az ezek k\u00f6z\u00fcl a Vev\u0151 \u00e1ltal<br \/>\n\t\t\t\t\t\t\tv\u00e1lasztott ig\u00e9ny teljes\u00edt\u00e9se lehetetlen vagy Elad\u00f3 sz\u00e1m\u00e1ra m\u00e1s szavatoss\u00e1gi ig\u00e9ny teljes\u00edt\u00e9s\u00e9hez k\u00e9pest ar\u00e1nytalan<br \/>\n\t\t\t\t\t\t\tt\u00f6bbletk\u00f6lts\u00e9ggel j\u00e1rna. Ha a kijav\u00edt\u00e1st vagy a kicser\u00e9l\u00e9st nem k\u00e9rte, illetve nem k\u00e9rhette, \u00fagy ig\u00e9nyelheti az<br \/>\n\t\t\t\t\t\t\tellenszolg\u00e1ltat\u00e1s\u00e1nak ar\u00e1nyos cs\u00f6kkent\u00e9s\u00e9t vagy a hib\u00e1t az elad\u00f3 k\u00f6lts\u00e9g\u00e9re Vev\u0151 is kijav\u00edthatja, illetve m\u00e1ssal<br \/>\n\t\t\t\t\t\t\tkijav\u00edttathatja vagy \u2013 v\u00e9gs\u0151 esetben \u2013 a szerz\u0151d\u00e9st\u0151l is el\u00e1llhat. <\/p>\n<p>Vev\u0151 \u00e1ltal v\u00e1lasztott kell\u00e9kszavatoss\u00e1gi jogr\u00f3l egy m\u00e1sikra is \u00e1tt\u00e9rhet, az \u00e1tt\u00e9r\u00e9s k\u00f6lts\u00e9g\u00e9t azonban Vev\u0151 viseli, kiv\u00e9ve, ha<br \/>\n\t\t\t\t\t\t\taz indokolt volt, vagy arra Elad\u00f3 adott okot. <\/p>\n<p>Vev\u0151 k\u00f6teles a hib\u00e1t annak felfedez\u00e9se ut\u00e1n halad\u00e9ktalanul, de nem k\u00e9s\u0151bb, mint a hiba felfedez\u00e9s\u00e9t\u0151l sz\u00e1m\u00edtott 5 munkanapon<br \/>\n\t\t\t\t\t\t\tbel\u00fcl k\u00f6z\u00f6lni. Elad\u00f3 a webshopon kereszt\u00fcl rendelt term\u00e9kekre 3 h\u00f3napos szavatoss\u00e1got v\u00e1llal. <\/p>\n<p>Ing\u00f3 dolog (term\u00e9k) hib\u00e1ja eset\u00e9n Vev\u0151 \u2013 v\u00e1laszt\u00e1sa szerint \u2013kell\u00e9kszavatoss\u00e1gi vagy term\u00e9kszavatoss\u00e1gi ig\u00e9nyt<br \/>\n\t\t\t\t\t\t\t\u00e9rv\u00e9nyes\u00edthet. <\/p>\n<p>Term\u00e9kszavatoss\u00e1gi ig\u00e9nyk\u00e9nt Vev\u0151 kiz\u00e1r\u00f3lag a hib\u00e1s term\u00e9k kijav\u00edt\u00e1s\u00e1t vagy kicser\u00e9l\u00e9s\u00e9t k\u00e9rheti. <\/p>\n<p>A term\u00e9k akkor hib\u00e1s, ha az nem felel meg a forgalomba hozatalakor hat\u00e1lyos min\u0151s\u00e9gi k\u00f6vetelm\u00e9nyeknek. Amennyiben, a v\u00e1s\u00e1rolt<br \/>\n\t\t\t\t\t\t\tterm\u00e9ket Elad\u00f3 t\u00e1j\u00e9koztat\u00e1sa ellen\u00e9re Vev\u0151 nem megfelel\u0151 k\u00f6r\u00fclm\u00e9nyek k\u00f6z\u00f6tt t\u00e1rolja vagy nem rendeltet\u00e9sszer\u0171en haszn\u00e1lja,<br \/>\n\t\t\t\t\t\t\takkor szavatoss\u00e1gi ig\u00e9ny\u00e9vel nem \u00e9lhet. <\/p>\n<p>Amennyiben Swarovski k\u0151vel d\u00edsz\u00edtett a term\u00e9k \u00e9s a Vev\u0151n\u00e9l t\u00f6rt\u00e9n\u0151 t\u00e1rol\u00e1s vagy felhaszn\u00e1l\u00e1s sor\u00e1n old\u00f3szerrel \u00e9rintkezik,<br \/>\n\t\t\t\t\t\t\tmin\u0151s\u00e9gi roml\u00e1s k\u00f6vetkezhet be, amely\u00e9rt Elad\u00f3 nem v\u00e1llal szavatoss\u00e1got. <\/p>\n<p>Term\u00e9kszavatoss\u00e1gi ig\u00e9ny\u00e9t Vev\u0151 a term\u00e9k gy\u00e1rt\u00f3 \u00e1ltali forgalomba hozatal\u00e1t\u00f3l sz\u00e1m\u00edtott 3 h\u00f3napon bel\u00fcl \u00e9rv\u00e9nyes\u00edtheti. E<br \/>\n\t\t\t\t\t\t\that\u00e1rid\u0151 eltelt\u00e9vel e jogosults\u00e1g\u00e1t elveszti. <\/p>\n<p>Term\u00e9kszavatoss\u00e1gi ig\u00e9ny\u00e9t kiz\u00e1r\u00f3lag az ing\u00f3 dolog gy\u00e1rt\u00f3j\u00e1val vagy forgalmaz\u00f3j\u00e1val szemben gyakorolhatja. A term\u00e9k hib\u00e1j\u00e1t<br \/>\n\t\t\t\t\t\t\tterm\u00e9kszavatoss\u00e1gi ig\u00e9ny \u00e9rv\u00e9nyes\u00edt\u00e9se eset\u00e9n Vev\u0151nek kell bizony\u00edtania. <\/p>\n<p>Ugyanazon hiba miatt kell\u00e9kszavatoss\u00e1gi \u00e9s term\u00e9kszavatoss\u00e1gi ig\u00e9nyt egyszerre, egym\u00e1ssal p\u00e1rhuzamosan Vev\u0151 nem \u00e9rv\u00e9nyes\u00edthet.<br \/>\n\t\t\t\t\t\t\tTerm\u00e9kszavatoss\u00e1gi ig\u00e9ny\u00e9nek eredm\u00e9nyes \u00e9rv\u00e9nyes\u00edt\u00e9se eset\u00e9n azonban a kicser\u00e9lt term\u00e9kre, illetve kijav\u00edtott r\u00e9szre vonatkoz\u00f3<br \/>\n\t\t\t\t\t\t\tkell\u00e9kszavatoss\u00e1gi ig\u00e9ny\u00e9t a gy\u00e1rt\u00f3val szemben \u00e9rv\u00e9nyes\u00edtheti. <\/p>\n<p>Elad\u00f3 az \u00e1ltala \u00e9rt\u00e9kes\u00edtett \u00daJ term\u00e9kekre vonatkoz\u00f3 ig\u00e9ny\u00e9rv\u00e9nyes\u00edt\u00e9sre a lent felsorolt jogszab\u00e1lyok vonatkoznak: <\/p>\n<p>&#8211; a Polg\u00e1ri T\u00f6rv\u00e9nyk\u00f6nyvr\u0151l sz\u00f3l\u00f3 2013. \u00e9vi V. t\u00f6rv\u00e9ny, <\/p>\n<p>&#8211; az egyes tart\u00f3s fogyaszt\u00e1si cikkekre vonatkoz\u00f3 k\u00f6telez\u0151 j\u00f3t\u00e1ll\u00e1sr\u00f3l sz\u00f3l\u00f3 151\/2003. (IX.22.) sz\u00e1m\u00fa Korm\u00e1nyrendelet, <\/p>\n<p>&#8211; a fogyaszt\u00f3 \u00e9s v\u00e1llalkoz\u00e1s k\u00f6z\u00f6tti szerz\u0151d\u00e9s keret\u00e9ben eladott dolgokra vonatkoz\u00f3 szavatoss\u00e1gi \u00e9s j\u00f3t\u00e1ll\u00e1si ig\u00e9nyek<br \/>\n\t\t\t\t\t\t\tint\u00e9z\u00e9s\u00e9nek elj\u00e1r\u00e1si szab\u00e1lyair\u00f3l sz\u00f3l\u00f3 19\/2014. (IV. 29.) NGM rendelet. <\/p>\n<p>Fontos, hogy a megrendelt term\u00e9k \u00e1tv\u00e9telekor, de legk\u00e9s\u0151bb az \u00e1tv\u00e9telt k\u00f6vet\u0151 munkanapon bel\u00fcl- ez esetben a megadott email<br \/>\n\t\t\t\t\t\t\tc\u00edmre k\u00fcldi meg az Elad\u00f3 a bizonylatot. Ezen bizonylatot \u0151rizze meg a szavatoss\u00e1gi jogok \u00e9rv\u00e9nyes\u00edt\u00e9s\u00e9hez. <\/p>\n<p>A Vev\u0151 jogosult a fogyaszt\u00f3i jogvit\u00e1b\u00f3l ered\u0151 k\u00f6vetel\u00e9s\u00e9nek b\u00edr\u00f3s\u00e1g el\u0151tti jog\u00e9rv\u00e9nyes\u00edt\u00e9s\u00e9re a Polg\u00e1ri T\u00f6rv\u00e9nyk\u00f6nyv \u00e9s a<br \/>\n\t\t\t\t\t\t\tPolg\u00e1ri perrendtart\u00e1s szab\u00e1lyai szerint. <\/p>\n<\/p><\/div>\n<\/p><\/div>\n<div class=\"lc-block\">\n<div editable=\"rich\">\n<p><strong>Adatv\u00e9delem: <\/strong><\/p>\n<p>A http:\/\/belso.hu \u00fczemeltet\u0151je (Bels\u0151 \u00e9s T\u00e1rsa Kft., 1152 Budapest, R\u00e1kosmez\u0151 utca 6.) &#8211; k\u00e9s\u0151bbiekben \u00dczemeltet\u0151 &#8211; tiszteletben<br \/>\n\t\t\t\t\t\t\ttartja a szem\u00e9lyes adatok v\u00e9delm\u00e9hez f\u0171z\u0151d\u0151 alkotm\u00e1nyos alapjogot, amely szerint mindenki maga rendelkezik szem\u00e9lyes adatainak<br \/>\n\t\t\t\t\t\t\tfelt\u00e1r\u00e1s\u00e1r\u00f3l \u00e9s felhaszn\u00e1l\u00e1s\u00e1r\u00f3l. A website haszn\u00e1lata k\u00f6zben a l\u00e1togat\u00f3kr\u00f3l \u00e9s regisztr\u00e1lt felhaszn\u00e1l\u00f3kt\u00f3l gy\u0171jt\u00f6tt adatokat<br \/>\n\t\t\t\t\t\t\ta http:\/\/belso.hu semmilyen harmadik f\u00e9llel nem osztja meg, nyilv\u00e1noss\u00e1gra nem hozza. <\/p>\n<p>Az \u00dczemeltet\u0151 adatv\u00e9delmi elvei kialak\u00edt\u00e1sa sor\u00e1n a k\u00f6vetkez\u0151 t\u00f6rv\u00e9nyek, rendeletek \u00e9s aj\u00e1nl\u00e1sok betart\u00e1s\u00e1val, \u00e9s<br \/>\n\t\t\t\t\t\t\tfigyelembev\u00e9tel\u00e9vel j\u00e1rt el: <\/p>\n<p>&#8211; 1992. \u00e9vi LXIII. t\u00f6rv\u00e9ny a szem\u00e9lyes adatok v\u00e9delm\u00e9r\u0151l \u00e9s a k\u00f6z\u00e9rdek\u0171 adatok nyilv\u00e1noss\u00e1g\u00e1r\u00f3l; <\/p>\n<p>&#8211; 1998. \u00e9vi VI. t\u00f6rv\u00e9ny az egy\u00e9nek v\u00e9delm\u00e9r\u0151l a szem\u00e9lyes adatok g\u00e9pi feldolgoz\u00e1sa sor\u00e1n, Strassbourgban, 1981. janu\u00e1r 28.<br \/>\n\t\t\t\t\t\t\tnapj\u00e1n kelt Egyezm\u00e9ny kihirdet\u00e9s\u00e9r\u0151l; <\/p>\n<p>&#8211; 2001. \u00e9vi XL. t\u00f6rv\u00e9ny a h\u00edrk\u00f6zl\u00e9sr\u0151l, VIII. fejezet; <\/p>\n<p>&#8211; 2001. \u00e9vi CVIII. t\u00f6rv\u00e9ny az elektronikus kereskedelmi szolg\u00e1ltat\u00e1sok, valamint az inform\u00e1ci\u00f3s t\u00e1rsadalommal \u00f6sszef\u00fcgg\u0151<br \/>\n\t\t\t\t\t\t\tszolg\u00e1ltat\u00e1sok egyes k\u00e9rd\u00e9seir\u0151l; <\/p>\n<p>&#8211; A Korm\u00e1ny 253\/2001. (XII.18) Korm. rendelete a h\u00edrk\u00f6zl\u00e9si szolg\u00e1ltat\u00f3 adatkezel\u00e9s\u00e9nek k\u00fcl\u00f6n\u00f6s felt\u00e9teleir\u0151l, a h\u00edrk\u00f6zl\u00e9si<br \/>\n\t\t\t\t\t\t\tszolg\u00e1ltat\u00e1sok adatbiztons\u00e1g\u00e1r\u00f3l, valamint az azonos\u00edt\u00f3 kijelz\u00e9s \u00e9s h\u00edv\u00e1s\u00e1tir\u00e1ny\u00edt\u00e1s szab\u00e1lyair\u00f3l. <\/p>\n<\/p><\/div>\n<\/p><\/div>\n<\/p><\/div>\n<\/p><\/div>\n<\/p><\/div>\n<\/section>","protected":false},"excerpt":{"rendered":"<p>Jelen \u00c1ltal\u00e1nos Szerz\u0151d\u00e9si Felt\u00e9telek (tov\u00e1bbiakban: \u00c1SZF) \u00e9rtelm\u00e9ben V\u00e1llalkoz\u00f3, Szolg\u00e1ltat\u00f3, Sz\u00e1ll\u00edt\u00f3 az Elad\u00f3 , m\u00edg Vev\u0151 a Fogyaszt\u00f3, Megrendel\u0151, aki lehet<a class=\"more-link\" href=\"https:\/\/cipokellekek.hu\/en\/altalanos-szerzodesi-feltetelek\/\">R\u00e9szletek<\/a><\/p>","protected":false},"author":1323,"featured_media":0,"parent":0,"menu_order":0,"comment_status":"closed","ping_status":"closed","template":"","meta":{"_seopress_robots_primary_cat":"","_seopress_titles_title":"","_seopress_titles_desc":"","_seopress_robots_index":"","footnotes":""},"class_list":["post-352089","page","type-page","status-publish","hentry"],"_links":{"self":[{"href":"https:\/\/cipokellekek.hu\/en\/wp-json\/wp\/v2\/pages\/352089","targetHints":{"allow":["GET"]}}],"collection":[{"href":"https:\/\/cipokellekek.hu\/en\/wp-json\/wp\/v2\/pages"}],"about":[{"href":"https:\/\/cipokellekek.hu\/en\/wp-json\/wp\/v2\/types\/page"}],"author":[{"embeddable":true,"href":"https:\/\/cipokellekek.hu\/en\/wp-json\/wp\/v2\/users\/1323"}],"replies":[{"embeddable":true,"href":"https:\/\/cipokellekek.hu\/en\/wp-json\/wp\/v2\/comments?post=352089"}],"version-history":[{"count":0,"href":"https:\/\/cipokellekek.hu\/en\/wp-json\/wp\/v2\/pages\/352089\/revisions"}],"wp:attachment":[{"href":"https:\/\/cipokellekek.hu\/en\/wp-json\/wp\/v2\/media?parent=352089"}],"curies":[{"name":"wp","href":"https:\/\/api.w.org\/{rel}","templated":true}]}}