{"id":351840,"date":"2024-01-10T19:02:51","date_gmt":"2024-01-10T17:02:51","guid":{"rendered":"https:\/\/dev.sysvol.hu\/belso\/?page_id=351840"},"modified":"2024-01-10T19:53:33","modified_gmt":"2024-01-10T17:53:33","slug":"adatvedelem","status":"publish","type":"page","link":"https:\/\/cipokellekek.hu\/en\/adatvedelem\/","title":{"rendered":"Adatv\u00e9delem"},"content":{"rendered":"<section>\n<div class=\"container\">\n<div class=\"row pt-5\">\n<div class=\"col-md-8 offset-md-2\">\n<div class=\"lc-block\">\n<div editable=\"rich\">\n<h2>A SZAB\u00c1LYZAT C\u00c9LJA<\/h2>\n<p>A jelen Szab\u00e1lyzat c\u00e9lja, hogy r\u00f6gz\u00edtse a Bels\u0151 \u00e9s T\u00e1rsa Kft. (\u201eT\u00e1rsas\u00e1g\u201d) \u00e1ltal alkalmazott adatv\u00e9delmi \u00e9s -kezel\u00e9si elveket \u00e9s a T\u00e1rsas\u00e1g adatv\u00e9delmi \u00e9s -kezel\u00e9si politik\u00e1j\u00e1t, amelyet a T\u00e1rsas\u00e1g mag\u00e1ra n\u00e9zve k\u00f6telez\u0151 er\u0151vel ismer el.<br \/>\n\t\t\t\t\t\t\tJelen szab\u00e1lyok kialak\u00edt\u00e1sakor a T\u00e1rsas\u00e1g k\u00fcl\u00f6n\u00f6s tekintettel vette figyelembe a 2011. \u00e9vi CXII. t\u00f6rv\u00e9ny az inform\u00e1ci\u00f3s \u00f6nrendelkez\u00e9si jogr\u00f3l \u00e9s az inform\u00e1ci\u00f3szabads\u00e1gr\u00f3l (\u201eInfotv.\u201d), 1995. \u00e9vi CXIX. t\u00f6rv\u00e9ny a kutat\u00e1s \u00e9s k\u00f6zvetlen \u00fczletszerz\u00e9s c\u00e9lj\u00e1t szolg\u00e1l\u00f3 n\u00e9v- \u00e9s lakc\u00edmadatok kezel\u00e9s\u00e9r\u0151l, az 1998. \u00e9vi VI. t\u00f6rv\u00e9ny az egy\u00e9nek v\u00e9delm\u00e9r\u0151l a szem\u00e9lyes adatok g\u00e9pi feldolgoz\u00e1sa sor\u00e1n, Strasbourgban, 1981. janu\u00e1r 28. napj\u00e1n kelt Egyezm\u00e9ny kihirdet\u00e9s\u00e9r\u0151l tov\u00e1bb\u00e1 a 2008. \u00e9vi XLVIII. t\u00f6rv\u00e9ny a gazdas\u00e1gi rekl\u00e1mtev\u00e9kenys\u00e9g alapvet\u0151 felt\u00e9teleir\u0151l \u00e9s egyes korl\u00e1tair\u00f3l rendelkez\u00e9seit, illet\u0151leg az \u201cONLINE PRIVACY ALLIANCE\u201d aj\u00e1nl\u00e1sait.<br \/>\n\t\t\t\t\t\t\tA jelen Szab\u00e1lyzat c\u00e9lja, hogy a T\u00e1rsas\u00e1g \u00e1ltal ny\u00fajtott szolg\u00e1ltat\u00e1sok minden ter\u00fclet\u00e9n, minden egy\u00e9n sz\u00e1m\u00e1ra, tekintet n\u00e9lk\u00fcl nemzetis\u00e9g\u00e9re vagy lak\u00f3hely\u00e9re, biztos\u00edtva legyen, hogy jogait \u00e9s alapvet\u0151 szabads\u00e1gjogait, k\u00fcl\u00f6n\u00f6sen a mag\u00e1n\u00e9lethez val\u00f3 jog\u00e1t tiszteletben tarts\u00e1k a szem\u00e9lyes adatainak g\u00e9pi feldolgoz\u00e1sa sor\u00e1n (adatv\u00e9delem).<br \/>\n\t\t\t\t\t\t\tBels\u0151 \u00e9s T\u00e1rsa Kft. adatv\u00e9delmi \u00e9s adatkezel\u00e9si nyilv\u00e1ntart\u00e1si sz\u00e1mok:\n\t\t\t\t\t\t<\/p>\n<\/p><\/div>\n<\/p><\/div>\n<div class=\"lc-block\">\n<div editable=\"rich\">\n<h2>FOGALOM MEGHAT\u00c1ROZ\u00c1SOK<\/h2>\n<p>Szem\u00e9lyes adat: a meghat\u00e1rozott term\u00e9szetes szem\u00e9llyel (a tov\u00e1bbiakban: \u00e9rintett) kapcsolatba hozhat\u00f3 adat, k\u00fcl\u00f6n\u00f6sen az \u00e9rintett neve, azonos\u00edt\u00f3 jele, valamint egy vagy t\u00f6bb fizikai, fiziol\u00f3giai, ment\u00e1lis, gazdas\u00e1gi, kultur\u00e1lis vagy szoci\u00e1lis azonoss\u00e1g\u00e1ra jellemz\u0151 ismeret az adatb\u00f3l levonhat\u00f3, az \u00e9rintettre vonatkoz\u00f3 k\u00f6vetkeztet\u00e9s. A szem\u00e9lyes adat az adatkezel\u00e9s sor\u00e1n mindaddig meg\u0151rzi e min\u0151s\u00e9g\u00e9t, am\u00edg kapcsolata az \u00e9rintettel helyre\u00e1ll\u00edthat\u00f3;<\/p>\n<p>Adat\u00e1llom\u00e1ny: az egy nyilv\u00e1ntart\u00e1sban kezelt adatok \u00f6sszess\u00e9ge;<\/p>\n<p>Adatkezel\u00e9s: az alkalmazott elj\u00e1r\u00e1st\u00f3l f\u00fcggetlen\u00fcl az adatokon v\u00e9gzett b\u00e1rmely m\u0171velet vagy a m\u0171veletek \u00f6sszess\u00e9ge, \u00edgy k\u00fcl\u00f6n\u00f6sen a szem\u00e9lyes adatok gy\u0171jt\u00e9se, felv\u00e9tele, r\u00f6gz\u00edt\u00e9se, rendszerez\u00e9se, t\u00e1rol\u00e1sa, megv\u00e1ltoztat\u00e1sa, felhaszn\u00e1l\u00e1sa, lek\u00e9rdez\u00e9se, tov\u00e1bb\u00edt\u00e1sa, nyilv\u00e1noss\u00e1gra hozatala, \u00f6sszehangol\u00e1sa vagy \u00f6sszekapcsol\u00e1sa, z\u00e1rol\u00e1sa, t\u00f6rl\u00e9se \u00e9s megsemmis\u00edt\u00e9se, valamint az adatok tov\u00e1bbi felhaszn\u00e1l\u00e1s\u00e1nak megakad\u00e1lyoz\u00e1sa;<\/p>\n<p>Adatkezel\u0151: Bels\u0151 \u00e9s T\u00e1rsa Kft. (sz\u00e9khelye H-1152 Budapest R\u00e1kosmez\u0151 u. 6.);<\/p>\n<p>Adatfeldolgoz\u00e1s: az adatkezel\u00e9si m\u0171veletekhez kapcsol\u00f3d\u00f3 technikai feladatok elv\u00e9gz\u00e9se, f\u00fcggetlen\u00fcl a m\u0171veletek v\u00e9grehajt\u00e1s\u00e1hoz alkalmazott m\u00f3dszert\u0151l \u00e9s eszk\u00f6zt\u0151l, valamint az alkalmaz\u00e1s hely\u00e9t\u0151l, felt\u00e9ve, hogy a technikai feladatot az adatokon elv\u00e9gzik;<\/p>\n<p>Adatmegsemmis\u00edt\u00e9s: az adatokat tartalmaz\u00f3 adathordoz\u00f3 teljes fizikai megsemmis\u00edt\u00e9se;<\/p>\n<p>Adattov\u00e1bb\u00edt\u00e1s: a Szem\u00e9lyes adat meghat\u00e1rozott harmadik szem\u00e9ly sz\u00e1m\u00e1ra hozz\u00e1f\u00e9rhet\u0151v\u00e9 t\u00e9tele;<\/p>\n<p>Nyilv\u00e1noss\u00e1gra hozatal: a Szem\u00e9lyes adat b\u00e1rki sz\u00e1m\u00e1ra t\u00f6rt\u00e9n\u0151 hozz\u00e1f\u00e9rhet\u0151v\u00e9 t\u00e9tele;<\/p>\n<p>Adatfeldolgoz\u00f3: az a term\u00e9szetes vagy jogi szem\u00e9ly, illetve jogi szem\u00e9lyis\u00e9ggel nem rendelkez\u0151 szervezet, aki vagy amely az adatkezel\u0151 megb\u00edz\u00e1s\u00e1b\u00f3l szem\u00e9lyes adatok feldolgoz\u00e1s\u00e1t v\u00e9gzi;<\/p>\n<p>Adatt\u00f6rl\u00e9s: az adatok felismerhetetlenn\u00e9 t\u00e9tele oly m\u00f3don, hogy a helyre\u00e1ll\u00edt\u00e1suk nem lehets\u00e9ges;<\/p>\n<p>Automatiz\u00e1lt adat\u00e1llom\u00e1ny: automatikus feldolgoz\u00e1sra ker\u00fcl\u0151 adatok sora;<\/p>\n<p>G\u00e9pi feldolgoz\u00e1s: a k\u00f6vetkez\u0151 m\u0171veleteket tartalmazza, ha azokat r\u00e9szben vagy eg\u00e9szben automatiz\u00e1lt eszk\u00f6z\u00f6kkel hajtj\u00e1k v\u00e9gre: az adatok t\u00e1rol\u00e1sa, az adatokkal v\u00e9gzett logikai vagy aritmetikai m\u0171veletek, az adatok megv\u00e1ltoztat\u00e1sa, t\u00f6rl\u00e9se, visszakeres\u00e9se \u00e9s terjeszt\u00e9se;<\/p>\n<p>Felhaszn\u00e1l\u00f3: az a term\u00e9szetes szem\u00e9ly, aki a T\u00e1rsas\u00e1g honlapjainak b\u00e1rmelyik\u00e9n regisztr\u00e1l.<\/p>\n<\/p><\/div>\n<\/p><\/div>\n<div class=\"lc-block\">\n<div editable=\"rich\">\n<h2>A KEZELT SZEM\u00c9LYES ADATOK K\u00d6RE<\/h2>\n<\/p>\n<ol>\n<li>A Felhaszn\u00e1l\u00f3 d\u00f6nt\u00e9se alapj\u00e1n megadhat\u00f3 adat: e-mail c\u00edm, telefonsz\u00e1m, n\u00e9v, lak\u00f3hely\/tart\u00f3zkod\u00e1si hely.<\/li>\n<li>A rendszer m\u0171k\u00f6dtet\u00e9se sor\u00e1n technikailag r\u00f6gz\u00edt\u00e9sre ker\u00fcl\u0151 adatok: a Felhaszn\u00e1l\u00f3 bejelentkez\u0151 sz\u00e1m\u00edt\u00f3g\u00e9p\u00e9nek azon adatai, melyek a szolg\u00e1ltat\u00e1s ig\u00e9nybev\u00e9tele sor\u00e1n gener\u00e1l\u00f3dnak, \u00e9s melyeket az Adatkezel\u0151 rendszere a technikai folyamatok automatikus eredm\u00e9nyek\u00e9nt r\u00f6gz\u00edt. Az automatikusan r\u00f6gz\u00edt\u00e9sre ker\u00fcl\u0151 adatokat a rendszer a Felhaszn\u00e1l\u00f3 k\u00fcl\u00f6n nyilatkozata vagy cselekm\u00e9nye n\u00e9lk\u00fcl a bel\u00e9p\u00e9skor, illetve kil\u00e9p\u00e9skor automatikusan napl\u00f3zza. Ezen adatok egy\u00e9b felhaszn\u00e1l\u00f3i Szem\u00e9lyes adatokkal \u2013 t\u00f6rv\u00e9ny \u00e1ltal k\u00f6telez\u0151v\u00e9 tett esetek kiv\u00e9tel\u00e9vel \u2013 \u00f6ssze nem kapcsolhat\u00f3k. Az adatokhoz kiz\u00e1r\u00f3lag az Adatkezel\u0151 f\u00e9r hozz\u00e1. <\/li>\n<li>A T\u00e1rsas\u00e1g a testre szabott kiszolg\u00e1l\u00e1s \u00e9rdek\u00e9ben a Felhaszn\u00e1l\u00f3 sz\u00e1m\u00edt\u00f3g\u00e9p\u00e9n kis adatcsomagot (\u00fan. \u201ecookie\u201d-t) helyez el. A cookie c\u00e9lja az adott oldal min\u00e9l magasabb sz\u00ednvonal\u00fa m\u0171k\u00f6d\u00e9s\u00e9nek biztos\u00edt\u00e1sa a felhaszn\u00e1l\u00f3 \u00e9lm\u00e9ny n\u00f6vel\u00e9se \u00e9rdek\u00e9ben. A cookie-t a Felhaszn\u00e1l\u00f3 k\u00e9pes t\u00f6r\u00f6lni saj\u00e1t sz\u00e1m\u00edt\u00f3g\u00e9p\u00e9r\u0151l, illetve be\u00e1ll\u00edthatja b\u00f6ng\u00e9sz\u0151j\u00e9t, hogy a cookie-k alkalmaz\u00e1s\u00e1t tiltsa. A cookie-k alkamaz\u00e1s\u00e1nak tilt\u00e1s\u00e1val a Felhaszn\u00e1l\u00f3 tudom\u00e1sul veszi, hogy cookie n\u00e9lk\u00fcl az adott oldal m\u0171k\u00f6d\u00e9se nem teljes \u00e9rt\u00e9k\u0171. <\/li>\n<\/ol>\n<\/p>\n<\/p>\n<\/p><\/div>\n<\/p><\/div>\n<div class=\"lc-block\">\n<div editable=\"rich\">\n<h2>AZ ADATKEZEL\u00c9S JOGALAPJA, C\u00c9LJA \u00c9S M\u00d3DJA<\/h2>\n<\/p>\n<ol>\n<li>Az Adatkezel\u00e9sre a Bels\u0151 \u00e9s T\u00e1rsa Kft. internetes oldalain tal\u00e1lhat\u00f3 internetes tartalmak Felhaszn\u00e1l\u00f3inak \u00f6nk\u00e9ntes, megfelel\u0151 t\u00e1j\u00e9koztat\u00e1son alapul\u00f3 nyilatkozata alapj\u00e1n ker\u00fcl sor, amely nyilatkozat tartalmazza a Felhaszn\u00e1l\u00f3k kifejezett hozz\u00e1j\u00e1rul\u00e1s\u00e1t ahhoz, hogy az oldal haszn\u00e1lata sor\u00e1n k\u00f6z\u00f6lt Szem\u00e9lyes adataik felhaszn\u00e1l\u00e1sra ker\u00fcljenek. Az Adatkezel\u00e9s jogalapja az inform\u00e1ci\u00f3s \u00f6nrendelkez\u00e9si jogr\u00f3l \u00e9s az inform\u00e1ci\u00f3szabads\u00e1gr\u00f3l sz\u00f3l\u00f3 2011. \u00e9vi CXII. t\u00f6rv\u00e9ny 5.\u00a7 (1) bek. a) pontja szerint az \u00e9rintett \u00f6nk\u00e9ntes hozz\u00e1j\u00e1rul\u00e1sa.<\/li>\n<li>Az Adatkezel\u00e9s c\u00e9lja Bels\u0151 \u00e9s T\u00e1rsa Kft. internetes oldalain az adott URL alatt el\u00e9rhet\u0151 szolg\u00e1ltat\u00e1sok ny\u00fajt\u00e1s\u00e1nak biztos\u00edt\u00e1sa. Ezen szolg\u00e1ltat\u00e1sok ig\u00e9nybev\u00e9tel\u00e9hez sz\u00fcks\u00e9ges megadand\u00f3 Szem\u00e9lyes adatok k\u00f6re a vonatkoz\u00f3 szolg\u00e1ltat\u00e1sok le\u00edr\u00e1s\u00e1n\u00e1l tal\u00e1lhat\u00f3.<\/li>\n<li>Az automatikusan r\u00f6gz\u00edt\u00e9sre ker\u00fcl\u0151 adatok (l\u00e1sd. 3.2. pont) c\u00e9lja a T\u00e1rsas\u00e1g internetes oldalain kereszt\u00fcl el\u00e9rhet\u0151 szolg\u00e1ltat\u00e1sok ny\u00fajt\u00e1s\u00e1nak biztos\u00edt\u00e1sa, a szem\u00e9lyre szabott tartalmak \u00e9s hirdet\u00e9sek megjelen\u00edt\u00e9se, statisztikak\u00e9sz\u00edt\u00e9s, az informatikai rendszer technikai fejleszt\u00e9se, a felhaszn\u00e1l\u00f3k jogainak v\u00e9delme. A Felhaszn\u00e1l\u00f3k \u00e1ltal a szolg\u00e1ltat\u00e1s ig\u00e9nybev\u00e9tele sor\u00e1n hozz\u00e1f\u00e9rhet\u0151v\u00e9 tett adatokat az Adatkezel\u0151 felhaszn\u00e1lhatja arra, hogy felhaszn\u00e1l\u00f3i csoportokat k\u00e9pezzen, \u00e9s a felhaszn\u00e1l\u00f3i csoportok r\u00e9sz\u00e9re a T\u00e1rsas\u00e1g weboldalain c\u00e9lzott tartalmat, \u00e9s\/vagy hirdet\u00e9st jelen\u00edtsen meg.<\/li>\n<li>Az Adatkezel\u0151 a megadott Szem\u00e9lyes adatokat az e pontokban \u00edrt c\u00e9lokt\u00f3l elt\u00e9r\u0151 c\u00e9lokra nem haszn\u00e1lhatja fel. Szem\u00e9lyes adatok harmadik szem\u00e9lynek vagy hat\u00f3s\u00e1gok sz\u00e1m\u00e1ra t\u00f6rt\u00e9n\u0151 kiad\u00e1sa \u2013 hacsak t\u00f6rv\u00e9ny ett\u0151l elt\u00e9r\u0151en nem rendelkezik k\u00f6telez\u0151 er\u0151vel \u2013 a Felhaszn\u00e1l\u00f3 el\u0151zetes, kifejezett hozz\u00e1j\u00e1rul\u00e1sa eset\u00e9n lehets\u00e9ges kiz\u00e1r\u00f3lag.<\/li>\n<li>\n<p>Adatkezel\u0151 a neki megadott Szem\u00e9lyes adatokat nem ellen\u0151rzi. A megadott adatok megfelel\u0151ss\u00e9g\u00e9\u00e9rt kiz\u00e1r\u00f3lag az azt megad\u00f3 szem\u00e9ly felel. B\u00e1rmely Felhaszn\u00e1l\u00f3 e-mail c\u00edm\u00e9nek megad\u00e1sakor egyben felel\u0151ss\u00e9get v\u00e1llal az\u00e9rt, hogy a megadott e-mail c\u00edmr\u0151l kiz\u00e1r\u00f3lag \u0151 vesz ig\u00e9nybe szolg\u00e1ltat\u00e1st. E felel\u0151ss\u00e9g-v\u00e1llal\u00e1sra tekintettel egy megadott e-mail c\u00edmen t\u00f6rt\u00e9nt bel\u00e9p\u00e9sekkel \u00f6sszef\u00fcgg\u0151 mindennem\u0171 felel\u0151ss\u00e9g kiz\u00e1r\u00f3lag azt a felhaszn\u00e1l\u00f3t terheli, aki az e-mail c\u00edmet regisztr\u00e1lta.&nbsp;<\/p>\n<\/p>\n<\/li>\n<\/ol>\n<\/p>\n<\/p>\n<\/p><\/div>\n<\/p><\/div>\n<div class=\"lc-block\">\n<div editable=\"rich\">\n<h2>AZ ADATKEZEL\u00c9S ELVEI<\/h2>\n<\/p>\n<ol>\n<li>A Szem\u00e9lyes adatokat csak tisztess\u00e9gesen \u00e9s t\u00f6rv\u00e9nyesen szabad megszerezni \u00e9s feldolgozni.<\/li>\n<li>A Szem\u00e9lyes adatokat csak meghat\u00e1rozott \u00e9s t\u00f6rv\u00e9nyes c\u00e9lra szabad t\u00e1rolni, \u00e9s att\u00f3l elt\u00e9r\u0151 m\u00f3don nem szabad felhaszn\u00e1lni.&nbsp;<\/li>\n<li>A Szem\u00e9lyes adatoknak t\u00e1rol\u00e1suk c\u00e9lj\u00e1val ar\u00e1nyban kell \u00e1llniuk, \u00e9s meg kell felelni\u00fck e c\u00e9lnak, azon nem terjeszkedhetnek t\u00fal.<\/li>\n<li>A Szem\u00e9lyes adatok t\u00e1rol\u00e1si m\u00f3dj\u00e1nak olyannak kell lennie, amely az \u00e9rintett Felhaszn\u00e1l\u00f3 azonos\u00edt\u00e1s\u00e1t csak a t\u00e1rol\u00e1s c\u00e9lj\u00e1hoz sz\u00fcks\u00e9ges ideig teszi lehet\u0151v\u00e9.<\/li>\n<li>Meg kell tenni a megfelel\u0151 biztons\u00e1gi int\u00e9zked\u00e9seket az automatiz\u00e1lt adat\u00e1llom\u00e1nyokban t\u00e1rolt Szem\u00e9lyes adatok v\u00e9delme \u00e9rdek\u00e9ben a v\u00e9letlen vagy jogtalan megsemmis\u00edt\u00e9s, vagy v\u00e9letlen elveszt\u00e9s, valamint a jogtalan hozz\u00e1f\u00e9r\u00e9s, megv\u00e1ltoztat\u00e1s vagy terjeszt\u00e9s megakad\u00e1lyoz\u00e1s\u00e1ra.<\/li>\n<\/ol>\n<\/p>\n<\/p>\n<\/p><\/div>\n<\/p><\/div>\n<div class=\"lc-block\">\n<div editable=\"rich\">\n<h2>A T\u00c1RSAS\u00c1G \u00c1LTAL ALKALMAZOTT ADATV\u00c9DELMI ELVEK<\/h2>\n<\/p>\n<ol>\n<li>A Bels\u0151 \u00e9s T\u00e1rsa Kft. szolg\u00e1ltat\u00e1sainak ig\u00e9nybev\u00e9tel\u00e9hez elengedhetetlen\u00fcl sz\u00fcks\u00e9ges Szem\u00e9lyes adatokat a T\u00e1rsas\u00e1g az \u00e9rintettek hozz\u00e1j\u00e1rul\u00e1sa alapj\u00e1n, \u00e9s kiz\u00e1r\u00f3lag c\u00e9lhoz k\u00f6t\u00f6tten haszn\u00e1lja fel.<\/li>\n<li>\n\t\t\t\t\t\t\t\tA T\u00e1rsas\u00e1g, mint Adatkezel\u0151 v\u00e1llalja, hogy a birtok\u00e1ba jutott Szem\u00e9lyes adatokat az Infotv. rendelkez\u00e9seinek \u00e9s jelen Szab\u00e1lyzatban r\u00f6gz\u00edtett adatv\u00e9delmi elveknek megfelel\u0151en kezeli, \u00e9s azokat harmadik f\u00e9lnek \u00e1t nem adja. Az adat\u00e1tad\u00e1s tekintet\u00e9ben a jelen pontban foglalt rendelkez\u00e9s al\u00f3l kiv\u00e9telt k\u00e9pez az adatok statisztikailag \u00f6sszes\u00edtett form\u00e1ban t\u00f6rt\u00e9n\u0151 felhaszn\u00e1l\u00e1sa, mely az \u00e9rintett felhaszn\u00e1l\u00f3 nev\u00e9t, illetve beazonos\u00edt\u00e1s\u00e1ra alkalmas egy\u00e9b adatot semmilyen form\u00e1ban nem tartalmazhat, valamint tov\u00e1bbi kiv\u00e9telek a jelen szab\u00e1lyzat 10.3 pontj\u00e1ban foglalt adattov\u00e1bb\u00edt\u00e1si esetek. A T\u00e1rsas\u00e1g bizonyos esetekben \u2013 hivatalos b\u00edr\u00f3s\u00e1gi, rend\u0151rs\u00e9gi megkeres\u00e9s, jogi elj\u00e1r\u00e1s szerz\u0151i-, vagyoni- illetve egy\u00e9b jogs\u00e9rt\u00e9s vagy ezek alapos gyan\u00faja miatt a T\u00e1rsas\u00e1g \u00e9rdekeinek s\u00e9relme, szolg\u00e1ltat\u00e1sai ny\u00fajt\u00e1s\u00e1nak vesz\u00e9lyeztet\u00e9se, stb. \u2013 harmadik szem\u00e9lyek sz\u00e1m\u00e1ra hozz\u00e1f\u00e9rhet\u0151v\u00e9 teszi az \u00e9rintett Felhaszn\u00e1l\u00f3 el\u00e9rhet\u0151 adatait.<\/li>\n<li>A T\u00e1rsas\u00e1g bizonyos esetekben \u2013 hivatalos b\u00edr\u00f3s\u00e1gi, rend\u0151rs\u00e9gi megkeres\u00e9s, jogi elj\u00e1r\u00e1s szerz\u0151i-, vagyoni- illetve egy\u00e9b jogs\u00e9rt\u00e9s vagy ezek alapos gyan\u00faja miatt a T\u00e1rsas\u00e1g \u00e9rdekeinek s\u00e9relme, szolg\u00e1ltat\u00e1sai ny\u00fajt\u00e1s\u00e1nak vesz\u00e9lyeztet\u00e9se, stb. \u2013 harmadik szem\u00e9lyek sz\u00e1m\u00e1ra hozz\u00e1f\u00e9rhet\u0151v\u00e9 teszi az \u00e9rintett Felhaszn\u00e1l\u00f3 el\u00e9rhet\u0151 adatait. <\/li>\n<li>A Bels\u0151 \u00e9s T\u00e1rsa Kft. rendszere a Felhaszn\u00e1l\u00f3k aktivit\u00e1s\u00e1r\u00f3l adatokat gy\u0171jthet, melyek nem kapcsolhat\u00f3ak \u00f6ssze a Felhaszn\u00e1l\u00f3k \u00e1ltal a regisztr\u00e1ci\u00f3kor megadott Szem\u00e9lyes adatokkal, sem m\u00e1s honlapok vagy szolg\u00e1ltat\u00e1sok ig\u00e9nybev\u00e9telekor keletkez\u0151 adatokkal.<\/li>\n<li>A T\u00e1rsas\u00e1g k\u00f6telezetts\u00e9get v\u00e1llal arra, hogy Felhaszn\u00e1l\u00f3i b\u00e1rmely Szem\u00e9lyes adat\u00e1nak felv\u00e9tele, r\u00f6gz\u00edt\u00e9se, kezel\u00e9se el\u0151tt vil\u00e1gos, figyelemfelkelt\u0151 \u00e9s egy\u00e9rtelm\u0171 k\u00f6zl\u00e9st tesz k\u00f6zz\u00e9, amelyben t\u00e1j\u00e9koztatja \u0151ket az adatfelv\u00e9tel m\u00f3dj\u00e1r\u00f3l, c\u00e9lj\u00e1r\u00f3l \u00e9s elveir\u0151l. Mindezeken t\u00falmen\u0151en, minden olyan esetben, amikor az adatfelv\u00e9telt, kezel\u00e9st, r\u00f6gz\u00edt\u00e9st nem jogszab\u00e1ly teszi k\u00f6telez\u0151v\u00e9, a T\u00e1rsas\u00e1g felh\u00edvja a felhaszn\u00e1l\u00f3 figyelm\u00e9t az adatszolg\u00e1ltat\u00e1s \u00f6nk\u00e9ntess\u00e9g\u00e9re. K\u00f6telez\u0151 adatszolg\u00e1ltat\u00e1s eset\u00e9n meg kell jel\u00f6lni az Adatkezel\u00e9st elrendel\u0151 jogszab\u00e1lyt is. Az \u00e9rintettet t\u00e1j\u00e9koztatni kell az Adatkezel\u00e9s c\u00e9lj\u00e1r\u00f3l \u00e9s arr\u00f3l, hogy a Szem\u00e9lyes adatokat kik fogj\u00e1k kezelni, illetve feldolgozni. Az Adatkezel\u00e9sr\u0151l val\u00f3 t\u00e1j\u00e9koztat\u00e1s megt\u00f6rt\u00e9nik azzal is, hogy jogszab\u00e1ly rendelkezik a m\u00e1r l\u00e9tez\u0151 Adatkezel\u00e9sb\u0151l tov\u00e1bb\u00edt\u00e1ssal vagy \u00f6sszekapcsol\u00e1ssal az adat felv\u00e9tel\u00e9r\u0151l.<\/li>\n<li>Minden olyan esetben, ha a szolg\u00e1ltatott Szem\u00e9lyes adatokat a T\u00e1rsas\u00e1g az eredeti adatfelv\u00e9tel c\u00e9lj\u00e1t\u00f3l elt\u00e9r\u0151 c\u00e9lra k\u00edv\u00e1nja felhaszn\u00e1lni, err\u0151l a Felhaszn\u00e1l\u00f3t t\u00e1j\u00e9koztatja, \u00e9s ehhez el\u0151zetes, kifejezett hozz\u00e1j\u00e1rul\u00e1s\u00e1t megszerzi, illet\u0151leg lehet\u0151s\u00e9get biztos\u00edt sz\u00e1m\u00e1ra, hogy a felhaszn\u00e1l\u00e1st megtiltsa.<\/li>\n<li>A Bels\u0151 \u00e9s T\u00e1rsa Kft. mint Adatkezel\u0151 az adatok felv\u00e9tele, r\u00f6gz\u00edt\u00e9se \u00e9s kezel\u00e9se sor\u00e1n a jogszab\u00e1lyok \u00e1ltal r\u00f6gz\u00edtett korl\u00e1toz\u00e1sokat minden esetben betartja, tev\u00e9kenys\u00e9g\u00e9r\u0151l az \u00e9rintettet annak ig\u00e9nye szerint, elektronikus levelez\u00e9s \u00fatj\u00e1n t\u00e1j\u00e9koztatja. A T\u00e1rsas\u00e1g k\u00f6telezi mag\u00e1t, hogy semmilyen szankci\u00f3t nem \u00e9rv\u00e9nyes\u00edt az olyan Felhaszn\u00e1l\u00f3val szemben, aki a nem k\u00f6telez\u0151 adatszolg\u00e1ltat\u00e1st megtagadja.<\/li>\n<li>A Bels\u0151 \u00e9s T\u00e1rsa Kft. k\u00f6telezi mag\u00e1t, hogy gondoskodik a Szem\u00e9lyes adatok biztons\u00e1g\u00e1r\u00f3l, megteszi tov\u00e1bb\u00e1 azokat a technikai \u00e9s szervez\u00e9si int\u00e9zked\u00e9seket \u00e9s kialak\u00edtja azokat az elj\u00e1r\u00e1si szab\u00e1lyokat, amelyek biztos\u00edtj\u00e1k, hogy a felvett, t\u00e1rolt, illetve kezelt Szem\u00e9lyes adatok v\u00e9dettek legyenek, illet\u0151leg megakad\u00e1lyozza azok megsemmis\u00fcl\u00e9s\u00e9t, jogosulatlan felhaszn\u00e1l\u00e1s\u00e1t \u00e9s jogosulatlan megv\u00e1ltoztat\u00e1s\u00e1t. K\u00f6telezi mag\u00e1t arra is, hogy minden olyan harmadik felet, akiknek a Szem\u00e9lyes adatokat esetlegesen tov\u00e1bb\u00edtja vagy \u00e1tadja, ugyancsak felh\u00edvja ez ir\u00e1ny\u00fa k\u00f6telezetts\u00e9geinek teljes\u00edt\u00e9s\u00e9re.<\/li>\n<li>Ha a Szem\u00e9lyes adat a val\u00f3s\u00e1gnak nem felel meg, \u00e9s a val\u00f3s\u00e1gnak megfelel\u0151 Szem\u00e9lyes adat az Adatkezel\u0151 rendelkez\u00e9s\u00e9re \u00e1ll, a szem\u00e9lyes adatot az adatkezel\u0151 helyesb\u00edti.<\/li>\n<li>A T\u00e1rsas\u00e1g, mint Adatkezel\u0151 a Szem\u00e9lyes adatot t\u00f6rli, ha (i) annak kezel\u00e9se jogellenes; (ii) a Felhaszn\u00e1l\u00f3 Szem\u00e9lyes adat\u00e1nak t\u00f6rl\u00e9s\u00e9t k\u00e9ri; (iii) a Szem\u00e9lyes adat hi\u00e1nyos vagy t\u00e9ves, \u00e9s ez az \u00e1llapot jogszer\u0171en nem orvosolhat\u00f3, felt\u00e9ve, hogy a t\u00f6rl\u00e9st t\u00f6rv\u00e9ny nem z\u00e1rja ki; (iv) az Adatkezel\u00e9s c\u00e9lja megsz\u0171nt, vagy a Szem\u00e9lyes adatok t\u00e1rol\u00e1s\u00e1nak t\u00f6rv\u00e9nyben meghat\u00e1rozott hat\u00e1rideje lej\u00e1rt; (v) a Szem\u00e9lyes adat t\u00f6rl\u00e9s\u00e9t b\u00edr\u00f3s\u00e1g vagy hat\u00f3s\u00e1g elrendelte.<\/li>\n<li>T\u00f6rl\u00e9s helyett az Adatkezel\u0151 z\u00e1rolja a Szem\u00e9lyes adatot, ha az \u00e9rintett ezt k\u00e9ri, vagy ha a rendelkez\u00e9s\u00e9re \u00e1ll\u00f3 inform\u00e1ci\u00f3k alapj\u00e1n felt\u00e9telezhet\u0151, hogy a t\u00f6rl\u00e9s s\u00e9rten\u00e9 az \u00e9rintett jogos \u00e9rdekeit. Az \u00edgy z\u00e1rolt Szem\u00e9lyes adat kiz\u00e1r\u00f3lag addig kezelhet\u0151, ameddig fenn\u00e1ll az az adatkezel\u00e9si c\u00e9l, amely a Szem\u00e9lyes adat t\u00f6rl\u00e9s\u00e9t kiz\u00e1rta.<\/li>\n<li>A helyesb\u00edt\u00e9sr\u0151l, a z\u00e1rol\u00e1sr\u00f3l, a megjel\u00f6l\u00e9sr\u0151l \u00e9s a t\u00f6rl\u00e9sr\u0151l az \u00e9rintettet, tov\u00e1bb\u00e1 mindazokat \u00e9rtes\u00edteni kell, akik r\u00e9sz\u00e9re kor\u00e1bban a Szem\u00e9lyes adatot Adatkezel\u00e9s c\u00e9lj\u00e1ra tov\u00e1bb\u00edt\u00e1sra ker\u00fclt. Az \u00e9rtes\u00edt\u00e9s az Adatkezel\u0151 mell\u0151zheti, ha ez az Adatkezel\u00e9s c\u00e9lj\u00e1ra val\u00f3 tekintettel a Felhaszn\u00e1l\u00f3 jogos \u00e9rdek\u00e9t nem s\u00e9rti.<\/li>\n<li>Ha a T\u00e1rsas\u00e1g, mint Adatkezel\u0151 az \u00e9rintett helyesb\u00edt\u00e9s, z\u00e1rol\u00e1s vagy t\u00f6rl\u00e9s ir\u00e1nti k\u00e9relm\u00e9t nem teljes\u00edti, a k\u00e9relem k\u00e9zhezv\u00e9tel\u00e9t k\u00f6vet\u0151 30 napon bel\u00fcl \u00edr\u00e1sban t\u00e1j\u00e9koztatja a Felhaszn\u00e1l\u00f3t a helyesb\u00edt\u00e9s, z\u00e1rol\u00e1s vagy t\u00f6rl\u00e9s ir\u00e1nti k\u00e9relem elutas\u00edt\u00e1s\u00e1nak t\u00e9nybeli \u00e9s jogi indokair\u00f3l, tov\u00e1bb\u00e1 arr\u00f3l, hogy az Adatkezel\u0151 hat\u00e1rozat\u00e1val szemben a b\u00edr\u00f3s\u00e1ghoz ill. a Nemzeti Adatv\u00e9delmi \u00e9s Inform\u00e1ci\u00f3szabads\u00e1g Hat\u00f3s\u00e1ghoz fordulhat.\n\t\t\t\t\t\t\t<\/li>\n<\/ol>\n<\/p>\n<\/p>\n<\/p><\/div>\n<\/p><\/div>\n<div class=\"lc-block\">\n<div editable=\"rich\">\n<h2>AZ ADATKEZEL\u00c9S ID\u0150TARTAMA<\/h2>\n<\/p>\n<ol>\n<li>A Felhaszn\u00e1l\u00f3 \u00e1ltal megadott Szem\u00e9lyes adatok kezel\u00e9se mindaddig fennmarad, am\u00edg a Felhaszn\u00e1l\u00f3 a szolg\u00e1ltat\u00e1sr\u00f3l \u2013 az adott felhaszn\u00e1l\u00f3i n\u00e9vvel \u2013 ki nem iratkozik. A t\u00f6rl\u00e9s id\u0151pontja a Felhaszn\u00e1l\u00f3 kiiratkoz\u00e1s\u00e1nak (t\u00f6rl\u00e9si ig\u00e9ny\u00e9nek) be\u00e9rkez\u00e9s\u00e9t\u0151l sz\u00e1m\u00edtott 10 munkanap. Jogellenes, megt\u00e9veszt\u0151 Szem\u00e9lyes adat haszn\u00e1lata eset\u00e9n vagy a Felhaszn\u00e1l\u00f3 \u00e1ltal elk\u00f6vetett b\u0171ncselekm\u00e9ny, illetve rendszer elleni t\u00e1mad\u00e1s eset\u00e9n az Adatkezel\u0151 jogosult a Felhaszn\u00e1l\u00f3 regisztr\u00e1ci\u00f3j\u00e1nak megsz\u0171n\u00e9s\u00e9vel egyidej\u0171leg adatait halad\u00e9ktalanul t\u00f6r\u00f6lni, ugyanakkor b\u0171ncselekm\u00e9ny gyan\u00faja vagy polg\u00e1ri jogi felel\u0151ss\u00e9g gyan\u00faja eset\u00e9n jogosult a Szem\u00e9lyes adatokat a lefolytatand\u00f3 elj\u00e1r\u00e1s id\u0151tartam\u00e1ra \u0151rizni is.<\/li>\n<li>A Felhaszn\u00e1l\u00f3 \u00e1ltal megadott Szem\u00e9lyes adatok \u2013 abban az esetben is, ha a Felhaszn\u00e1l\u00f3 a szolg\u00e1ltat\u00e1sr\u00f3l nem iratkozik le \u2013 addig kezelhet\u0151ek a T\u00e1rsas\u00e1g, mint Adatkezel\u0151 r\u00e9sz\u00e9r\u0151l, am\u00edg a Felhaszn\u00e1l\u00f3 kifejezetten \u00edr\u00e1sban nem k\u00e9ri azok kezel\u00e9s\u00e9nek megsz\u00fcntet\u00e9s\u00e9t. A Felhaszn\u00e1l\u00f3 Adatkezel\u00e9s megsz\u00fcntet\u00e9s\u00e9re ir\u00e1nyul\u00f3, a szolg\u00e1ltat\u00e1sr\u00f3l val\u00f3 leiratkoz\u00e1s n\u00e9lk\u00fcli k\u00e9r\u00e9se a szolg\u00e1ltat\u00e1sig\u00e9nybe v\u00e9tel\u00e9hez f\u0171z\u0151d\u0151 jog\u00e1t nem \u00e9rinti, azonban el\u0151fordulhat, hogy Szem\u00e9lyes adatok hi\u00e1ny\u00e1ban egyes szolg\u00e1ltat\u00e1sokat (pl.: \u00e1rver\u00e9s, ranglista) nem tud majd ig\u00e9nybe venni. A Szem\u00e9lyes adatok t\u00f6rl\u00e9s\u00e9re, az erre ir\u00e1nyul\u00f3 k\u00e9r\u00e9s be\u00e9rkez\u00e9s\u00e9t\u0151l sz\u00e1m\u00edtott 10 munkanapon bel\u00fcl ker\u00fcl sor.<\/li>\n<li>A rendszer m\u0171k\u00f6d\u00e9se sor\u00e1n automatikusan, technikailag r\u00f6gz\u00edt\u00e9sre ker\u00fcl\u0151 adatok a gener\u00e1l\u00f3d\u00e1sukt\u00f3l sz\u00e1m\u00edtva a rendszer m\u0171k\u00f6d\u00e9s\u00e9nek biztos\u00edt\u00e1sa szempontj\u00e1b\u00f3l indokolt id\u0151tartamig ker\u00fclnek t\u00e1rol\u00e1sra a rendszerben. A T\u00e1rsas\u00e1g biztos\u00edtja, hogy ezen, automatikusan r\u00f6gz\u00edtett adatok egy\u00e9b felhaszn\u00e1l\u00f3i Szem\u00e9lyes adatokkal \u2013 a t\u00f6rv\u00e9ny \u00e1ltal k\u00f6telez\u0151v\u00e9 tett esetek kiv\u00e9tel\u00e9vel \u2013 \u00f6ssze nem kapcsolhat\u00f3k. Ha a Felhaszn\u00e1l\u00f3 Szem\u00e9lyes adatainak kezel\u00e9s\u00e9hez adott hozz\u00e1j\u00e1rul\u00e1s\u00e1t megsz\u00fcntette, vagy a szolg\u00e1ltat\u00e1sr\u00f3l leiratkozott, \u00fagy ezt k\u00f6vet\u0151en a technikai adatokr\u00f3l az \u0151 szem\u00e9lye nem lesz beazonos\u00edthat\u00f3.&nbsp;\n<\/p>\n<\/li>\n<\/ol>\n<\/p>\n<\/p>\n<\/p><\/div>\n<\/p><\/div>\n<div class=\"lc-block\">\n<div editable=\"rich\">\n<h2>RENDELKEZ\u00c9S SZEM\u00c9LYES ADATOKKAL<\/h2>\n<\/p>\n<ol>\n<li>Szem\u00e9lyes adatokban bek\u00f6vetkezett v\u00e1ltoz\u00e1s, illetve a Szem\u00e9lyes adatok t\u00f6rl\u00e9se ir\u00e1nti ig\u00e9ny a szolg\u00e1ltat\u00e1s bels\u0151 levelez\u0151 rendszer\u00e9n k\u00fcld\u00f6tt lev\u00e9lben kifejezett, \u00edr\u00e1sos nyilatkozattal k\u00f6z\u00f6lhet\u0151. A h\u00edrlevelek k\u00fcld\u00e9se az oldalon tal\u00e1lhat\u00f3 felhaszn\u00e1l\u00f3i fel\u00fclet be\u00e1ll\u00edt\u00e1sainak m\u00f3dos\u00edt\u00e1s\u00e1val mondhat\u00f3 le.<\/li>\n<li>Egyes Szem\u00e9lyes adatok m\u00f3dos\u00edt\u00e1sa emellett t\u00f6rt\u00e9nhet a szem\u00e9lyes profilt tartalmaz\u00f3 oldalon t\u00f6rt\u00e9n\u0151 m\u00f3dos\u00edt\u00e1ssal is.<\/li>\n<li>Szem\u00e9lyes adat t\u00f6rl\u00e9s\u00e9re vagy m\u00f3dos\u00edt\u00e1s\u00e1ra ir\u00e1nyul\u00f3 ig\u00e9ny teljes\u00edt\u00e9s\u00e9t k\u00f6vet\u0151en a kor\u00e1bbi (t\u00f6r\u00f6lt) adatok m\u00e1r nem \u00e1ll\u00edthat\u00f3k helyre.<\/li>\n<\/ol>\n<\/p>\n<\/p>\n<\/p><\/div>\n<\/p><\/div>\n<div class=\"lc-block\">\n<div editable=\"rich\">\n<h2>ADATFELDOLGOZ\u00c1S<\/h2>\n<\/p>\n<ol>\n<li>A T\u00e1rsas\u00e1g a weboldal folyamatos \u00e9s megfelel\u0151 m\u0171k\u00f6d\u0151k\u00e9pess\u00e9g\u00e9nek biztos\u00edt\u00e1sa, a megrendel\u00e9sek teljes\u00edt\u00e9se, illetve egy\u00e9b, a web\u00e1ruh\u00e1zi szolg\u00e1ltat\u00e1sok biztos\u00edt\u00e1s\u00e1hoz szorosan kapcsol\u00f3d\u00f3 tev\u00e9kenys\u00e9gek elv\u00e9gz\u00e9se c\u00e9lj\u00e1b\u00f3l adatfeldolgoz\u00f3t vehet ig\u00e9nybe.<\/li>\n<li>\n<p>A t\u00e1rsas\u00e1g \u00e1ltal ig\u00e9nybe vett adatfeldolgoz\u00f3k megnevez\u00e9se: <\/p>\n<p>GLS General Logistics Systems Hungary Kft. 2351 Als\u00f3n\u00e9medi, GLS Eur\u00f3pa u. 2. Csomagsz\u00e1ll\u00edt\u00e1s<\/p>\n<p>TNT Express Hungary Kft. 1097 Ecseri \u00fat 97. Csomagsz\u00e1ll\u00edt\u00e1s&nbsp;<\/p>\n<\/p>\n<\/li>\n<\/ol>\n<\/p>\n<\/p>\n<\/p><\/div>\n<\/p><\/div>\n<div class=\"lc-block\">\n<div editable=\"rich\">\n<h2>ADATTOV\u00c1BB\u00cdT\u00c1S LEHET\u0150S\u00c9GE<\/h2>\n<\/p>\n<ol>\n<li>A T\u00e1rsas\u00e1g, mint Adatkezel\u0151 jogosult \u00e9s k\u00f6teles minden olyan rendelkez\u00e9s\u00e9re \u00e1ll\u00f3 \u00e9s \u00e1ltala szab\u00e1lyszer\u0171en t\u00e1rolt Szem\u00e9lyes adatot az illet\u00e9kes hat\u00f3s\u00e1goknak tov\u00e1bb\u00edtani, amely Adattov\u00e1bb\u00edt\u00e1sra \u0151t jogszab\u00e1ly vagy joger\u0151s hat\u00f3s\u00e1gi k\u00f6telez\u00e9s k\u00f6telezi. Ilyen adattov\u00e1bb\u00edt\u00e1sa, valamint az ebb\u0151l sz\u00e1rmaz\u00f3 k\u00f6vetkezm\u00e9nyek miatt adatkezel\u0151 nem tehet\u0151 felel\u0151ss\u00e9.<\/li>\n<li>\n\t\t\t\t\t\t\t\tAmennyiben a T\u00e1rsas\u00e1g a belso.hu oldalon tal\u00e1lhat\u00f3 tartalomszolg\u00e1ltat\u00e1s \u00fczemeltet\u00e9s\u00e9t vagy hasznos\u00edt\u00e1s\u00e1t r\u00e9szben vagy eg\u00e9szben harmadik szem\u00e9ly sz\u00e1m\u00e1ra \u00e1tadja, \u00fagy az \u00e1ltala kezelt Szem\u00e9lyes adatokat, ezen harmadik szem\u00e9ly sz\u00e1m\u00e1ra k\u00fcl\u00f6n hozz\u00e1j\u00e1rul\u00e1s k\u00e9r\u00e9se n\u00e9lk\u00fcl hi\u00e1nytalanul \u00e1tadhatja tov\u00e1bbi kezel\u00e9sre. Ezen Adattov\u00e1bb\u00edt\u00e1s kiz\u00e1r\u00f3lag a m\u00e1r regisztr\u00e1lt Felhaszn\u00e1l\u00f3k regisztr\u00e1ci\u00f3j\u00e1nak folyamatos volt\u00e1t szolg\u00e1lhatja, azonban a jelen Adatkezel\u00e9si Szab\u00e1lyzat mindenkor hat\u00e1lyos sz\u00f6veg\u00e9ben megjel\u00f6lt adatkezel\u00e9si \u00e9s adatbiztons\u00e1gi szab\u00e1lyokn\u00e1l h\u00e1tr\u00e1nyosabb helyzetbe a Felhaszn\u00e1l\u00f3t nem hozhatja.<\/li>\n<li>A Felhaszn\u00e1l\u00f3k egyes szem\u00e9lyes adatai, meghat\u00e1rozott c\u00e9lb\u00f3l, a Felhaszn\u00e1l\u00f3 kifejezett \u00e9s egy\u00e9rtelm\u0171 hozz\u00e1j\u00e1rul\u00e1sa alapj\u00e1n az al\u00e1bbiak szerint tov\u00e1bb\u00edt\u00e1sra ker\u00fclhetnek:<\/li>\n<li>a T\u00e1rsas\u00e1g a Felhaszn\u00e1l\u00f3k nev\u00e9t, telefonsz\u00e1m\u00e1t, orsz\u00e1g\u00e1t \u00e9s e-mail c\u00edm\u00e9t \u00fcgyf\u00e9lszolg\u00e1lati seg\u00edts\u00e9gny\u00fajt\u00e1s, a tranzakci\u00f3k visszaigazol\u00e1sa \u00e9s a Felhaszn\u00e1l\u00f3k v\u00e9delme \u00e9rdek\u00e9ben v\u00e9gzett fraud-monitoring c\u00e9lj\u00e1b\u00f3l. Az \u00edgy tov\u00e1bb\u00edtott szem\u00e9lyes adatokat az adott c\u00e9g saj\u00e1t adatv\u00e9delmi \u00e9s adatkezel\u00e9si szab\u00e1lyzat\u00e1nak megfelel\u0151en kezeli.<\/li>\n<li>T\u00e1rsas\u00e1g a Felhaszn\u00e1l\u00f3k regisztr\u00e1ci\u00f3 sor\u00e1n r\u00f6gz\u00edtett szem\u00e9lyes adatait \u00e9s megrendel\u00e9si adatait a megrendelt csomagok k\u00e9zbes\u00edt\u00e9se \u00e9rdek\u00e9ben csak a csomagsz\u00e1ll\u00edt\u00f3 c\u00e9geknek tov\u00e1bb\u00edtja, amelyek azt saj\u00e1t adatv\u00e9delmi \u00e9s adatkezel\u00e9si szab\u00e1lyzat\u00e1nak megfelel\u0151en kezelik.<\/li>\n<li>A T\u00e1rsas\u00e1g az Adattov\u00e1bb\u00edt\u00e1s jogszer\u0171s\u00e9g\u00e9nek ellen\u0151rz\u00e9se, valamint az \u00e9rintett t\u00e1j\u00e9koztat\u00e1sa c\u00e9lj\u00e1b\u00f3l adattov\u00e1bb\u00edt\u00e1si nyilv\u00e1ntart\u00e1st vezet, amely tartalmazza az \u00e1ltala kezelt Szem\u00e9lyes adatok tov\u00e1bb\u00edt\u00e1s\u00e1nak id\u0151pontj\u00e1t, az Adattov\u00e1bb\u00edt\u00e1s jogalapj\u00e1t \u00e9s c\u00edmzettj\u00e9t, a tov\u00e1bb\u00edtott Szem\u00e9lyes adatok k\u00f6r\u00e9nek meghat\u00e1roz\u00e1s\u00e1t, valamint az Adatkezel\u00e9st el\u0151\u00edr\u00f3 jogszab\u00e1lyban meghat\u00e1rozott egy\u00e9b adatokat.\n\t\t\t\t\t\t\t<\/li>\n<\/ol><\/div>\n<\/p><\/div>\n<div class=\"lc-block\">\n<div editable=\"rich\">\n<h2>AZ ADATKEZEL\u00c9SI SZAB\u00c1LYZAT M\u00d3DOS\u00cdT\u00c1SA<\/h2>\n<\/p>\n<p>A Bels\u0151 \u00e9s T\u00e1rsa Kft. fenntartja mag\u00e1nak a jogot, hogy a jelen Adatkezel\u00e9si Szab\u00e1lyzatot egyoldal\u00fa d\u00f6nt\u00e9s\u00e9vel b\u00e1rmikor m\u00f3dos\u00edtsa. Az Adatkezel\u00e9si Szab\u00e1lyzat m\u00f3dos\u00edt\u00e1s\u00e1t k\u00f6vet\u0151en valamennyi Felhaszn\u00e1l\u00f3t megfelel\u0151 m\u00f3don (h\u00edrlev\u00e9lben, bel\u00e9p\u00e9skor felugr\u00f3 ablakban) t\u00e1j\u00e9koztatni kell. A szolg\u00e1ltat\u00e1s tov\u00e1bbi felhaszn\u00e1l\u00e1s\u00e1val a Felhaszn\u00e1l\u00f3k a megv\u00e1ltozott adatkezel\u00e9si szab\u00e1lyokat tudom\u00e1sul veszik, ezen t\u00falmen\u0151 beleegyez\u00e9s\u00fck kik\u00e9r\u00e9s\u00e9re nincs sz\u00fcks\u00e9g.<\/p>\n<\/p>\n<p>\t\t\t\t\t\tA felhaszn\u00e1l\u00f3k jogai az adatkezel\u0151 \u00e1ltal kezelt szem\u00e9lyes adataikkal kapcsolatosan:<\/p>\n<p><\/p>\n<ol>\n<li>Szem\u00e9lyes adataik kezel\u00e9s\u00e9r\u0151l a Felhaszn\u00e1l\u00f3k a T\u00e1rsas\u00e1gt\u00f3l, mint Adatkezel\u0151t\u0151l b\u00e1rmikor \u00edr\u00e1sban, az Adatkezel\u0151 c\u00edm\u00e9re (H-1152 Budapest R\u00e1kosmez\u0151 u. 6.) k\u00fcld\u00f6tt aj\u00e1nlott vagy t\u00e9rtivev\u00e9nyes-aj\u00e1nlott lev\u00e9lben, illetve az belso@belso.hu email c\u00edmre k\u00fcld\u00f6tt e-mailben t\u00e1j\u00e9koztat\u00e1st k\u00e9rhetnek. E-mailben k\u00fcld\u00f6tt t\u00e1j\u00e9koztat\u00e1sk\u00e9r\u00e9st az Adatkezel\u0151 csak akkor tekint hitelesnek, ha azt a Felhaszn\u00e1l\u00f3 regisztr\u00e1lt e-mail c\u00edm\u00e9r\u0151l k\u00fcldik. A t\u00e1j\u00e9koztat\u00e1sk\u00e9r\u00e9s kiterjedhet a felhaszn\u00e1l\u00f3nak az adatkezel\u0151 \u00e1ltal kezelt adataira, azok forr\u00e1s\u00e1ra, az Adatkezel\u00e9s c\u00e9lj\u00e1ra, jogalapj\u00e1ra, id\u0151tartam\u00e1ra, az esetleges adatfeldolgoz\u00f3k nev\u00e9re \u00e9s c\u00edm\u00e9re, az Adatkezel\u00e9ssel \u00f6sszef\u00fcgg\u0151 tev\u00e9kenys\u00e9gekre, valamint a Szem\u00e9lyes adatoknak tov\u00e1bb\u00edt\u00e1sa eset\u00e9n arra, hogy kik \u00e9s milyen c\u00e9lb\u00f3l kapt\u00e1k vagy kapj\u00e1k meg Felhaszn\u00e1l\u00f3 adatait.&nbsp;<\/li>\n<li>Az Adatkezel\u00e9ssel kapcsolatos k\u00e9rd\u00e9sre Adatkezel\u0151 a k\u00e9zhezv\u00e9telt\u0151l sz\u00e1m\u00edtott legr\u00f6videbb id\u0151n, legfeljebb azonban 30 napon bel\u00fcl \u00edr\u00e1sban k\u00f6teles t\u00e1j\u00e9koztat\u00e1st adni. E-mail eset\u00e9ben a k\u00e9zhezv\u00e9tel id\u0151pontj\u00e1nak az elk\u00fcld\u00e9st k\u00f6vet\u0151 els\u0151 munkanapot kell tekinteni.&nbsp;<\/li>\n<li>A kezelt Szem\u00e9lyes adat helyesb\u00edt\u00e9s\u00e9r\u0151l, a z\u00e1rol\u00e1sr\u00f3l ill. a t\u00f6rl\u00e9sr\u0151l az \u00e9rintett Felhaszn\u00e1l\u00f3t, tov\u00e1bb\u00e1 mindazokat \u00e9rtes\u00edteni kell, akiknek kor\u00e1bban az adatot Adatkezel\u00e9s c\u00e9lj\u00e1ra tov\u00e1bb\u00edtott\u00e1k. Az \u00e9rtes\u00edt\u00e9s mell\u0151zhet\u0151, ha ez az Adatkezel\u00e9s c\u00e9lj\u00e1ra val\u00f3 tekintettel az \u00e9rintett jogos \u00e9rdek\u00e9t nem s\u00e9rti.&nbsp;<\/li>\n<li>A Felhaszn\u00e1l\u00f3 tiltakozhat Szem\u00e9lyes adat\u00e1nak Adatkezel\u00e9se ellen,&nbsp;<\/li>\n<li>Ha a Szem\u00e9lyes adatok kezel\u00e9se vagy tov\u00e1bb\u00edt\u00e1sa kiz\u00e1r\u00f3lag az Adatkezel\u0151re vonatkoz\u00f3 jogi k\u00f6telezetts\u00e9g teljes\u00edt\u00e9s\u00e9hez vagy az Adatkezel\u0151, a Szem\u00e9lyes adatot \u00e1tvev\u0151 vagy harmadik szem\u00e9ly jogos \u00e9rdek\u00e9nek \u00e9rv\u00e9nyes\u00edt\u00e9s\u00e9hez sz\u00fcks\u00e9ges;&nbsp;<\/li>\n<li>Ha a Szem\u00e9lyes adat felhaszn\u00e1l\u00e1sa vagy tov\u00e1bb\u00edt\u00e1sa k\u00f6zvetlen \u00fczletszerz\u00e9s, k\u00f6zv\u00e9lem\u00e9ny-kutat\u00e1s vagy tudom\u00e1nyos kutat\u00e1s c\u00e9lj\u00e1ra t\u00f6rt\u00e9nik; valamint&nbsp;<\/li>\n<li>T\u00f6rv\u00e9nyben meghat\u00e1rozott egy\u00e9b esetben.<\/li>\n<\/ol>\n<p>A T\u00e1rsas\u00e1g, mint Adatkezel\u0151 a tiltakoz\u00e1st annak k\u00e9zhezv\u00e9tel\u00e9t\u0151l beny\u00fajt\u00e1s\u00e1t\u00f3l sz\u00e1m\u00edtott legr\u00f6videbb id\u0151n bel\u00fcl, de legfeljebb 15 napon bel\u00fcl megvizsg\u00e1lja, annak megalapozotts\u00e1ga k\u00e9rd\u00e9s\u00e9ben d\u00f6nt\u00e9st hoz, \u00e9s d\u00f6nt\u00e9s\u00e9r\u0151l a Felhaszn\u00e1l\u00f3t \u00edr\u00e1sban t\u00e1j\u00e9koztatja.<\/p>\n<p>Ha a T\u00e1rsas\u00e1g az \u00e9rintett tiltakoz\u00e1s\u00e1nak megalapozotts\u00e1g\u00e1t meg\u00e1llap\u00edtja, az Adatkezel\u00e9st \u2013 bele\u00e9rtve a tov\u00e1bbi Adatfelv\u00e9telt \u00e9s Adattov\u00e1bb\u00edt\u00e1st is \u2013 megsz\u00fcnteti, \u00e9s a Szem\u00e9lyes adatokat z\u00e1rolja, valamint a tiltakoz\u00e1sr\u00f3l, tov\u00e1bb\u00e1 az annak alapj\u00e1n tett int\u00e9zked\u00e9sekr\u0151l \u00e9rtes\u00edti mindazokat, akik r\u00e9sz\u00e9re a tiltakoz\u00e1ssal \u00e9rintett Szem\u00e9lyes adatot kor\u00e1bban tov\u00e1bb\u00edtotta, \u00e9s akik k\u00f6telesek int\u00e9zkedni a tiltakoz\u00e1si jog \u00e9rv\u00e9nyes\u00edt\u00e9se \u00e9rdek\u00e9ben. Ha a Felhaszn\u00e1l\u00f3 az Adatkezel\u0151 d\u00f6nt\u00e9s\u00e9vel nem \u00e9rt egyet, illetve, ha az Adatkezel\u0151 a jelen pontban hivatkozott hat\u00e1rid\u0151t elmulasztja, a d\u00f6nt\u00e9s k\u00f6zl\u00e9s\u00e9t\u0151l, illetve a hat\u00e1rid\u0151 utols\u00f3 napj\u00e1t\u00f3l sz\u00e1m\u00edtott 30 napon bel\u00fcl b\u00edr\u00f3s\u00e1ghoz fordulhat.\n\t\t\t\t\t\t<\/p>\n<ol>\n\t\t\t\t\t\t<\/ol>\n<\/p>\n<\/p><\/div>\n<\/p><\/div>\n<div class=\"lc-block\">\n<div editable=\"rich\">\n<h2>JOG\u00c9RV\u00c9NYES\u00cdT\u00c9SI LEHET\u0150S\u00c9GEK<\/h2>\n<\/p>\n<p>\t\t\t\t\t\tA Felhaszn\u00e1l\u00f3 jog\u00e9rv\u00e9nyes\u00edt\u00e9si lehet\u0151s\u00e9geit az Infotv., valamint a 2013. \u00e9vi V. tv. (Ptk.) alapj\u00e1n b\u00edr\u00f3s\u00e1g el\u0151tt gyakorolhatja, tov\u00e1bb\u00e1 b\u00e1rmilyen szem\u00e9lyes adattal kapcsolatos k\u00e9rd\u00e9sben k\u00e9rheti a Nemzeti Adatv\u00e9delmi \u00e9s Inform\u00e1ci\u00f3szabads\u00e1g Hat\u00f3s\u00e1g seg\u00edts\u00e9g\u00e9t is (1125 Budapest, Szil\u00e1gyi Erzs\u00e9bet fasor 22\/C; postac\u00edm: 1530 Budapest, Pf. 5.). B\u00e1rmilyen Adatkezel\u00e9ssel kapcsolatos k\u00e9rd\u00e9ssel, \u00e9szrev\u00e9tellel ezen t\u00falmen\u0151en kereshet\u0151k az Adatkezel\u0151 munkat\u00e1rsai is az belso@belso.hu e-mail c\u00edmen.<\/p>\n<ol>\n\t\t\t\t\t\t<\/ol>\n<\/p><\/div>\n<\/p><\/div>\n<\/p><\/div>\n<\/p><\/div>\n<\/p><\/div>\n<\/section>","protected":false},"excerpt":{"rendered":"<p>A SZAB\u00c1LYZAT C\u00c9LJA A jelen Szab\u00e1lyzat c\u00e9lja, hogy r\u00f6gz\u00edtse a Bels\u0151 \u00e9s T\u00e1rsa Kft. (\u201eT\u00e1rsas\u00e1g\u201d) \u00e1ltal alkalmazott adatv\u00e9delmi \u00e9s -kezel\u00e9si<a class=\"more-link\" href=\"https:\/\/cipokellekek.hu\/en\/adatvedelem\/\">R\u00e9szletek<\/a><\/p>","protected":false},"author":1323,"featured_media":0,"parent":0,"menu_order":0,"comment_status":"closed","ping_status":"closed","template":"","meta":{"_seopress_robots_primary_cat":"","_seopress_titles_title":"","_seopress_titles_desc":"","_seopress_robots_index":"","footnotes":""},"class_list":["post-351840","page","type-page","status-publish","hentry"],"_links":{"self":[{"href":"https:\/\/cipokellekek.hu\/en\/wp-json\/wp\/v2\/pages\/351840","targetHints":{"allow":["GET"]}}],"collection":[{"href":"https:\/\/cipokellekek.hu\/en\/wp-json\/wp\/v2\/pages"}],"about":[{"href":"https:\/\/cipokellekek.hu\/en\/wp-json\/wp\/v2\/types\/page"}],"author":[{"embeddable":true,"href":"https:\/\/cipokellekek.hu\/en\/wp-json\/wp\/v2\/users\/1323"}],"replies":[{"embeddable":true,"href":"https:\/\/cipokellekek.hu\/en\/wp-json\/wp\/v2\/comments?post=351840"}],"version-history":[{"count":0,"href":"https:\/\/cipokellekek.hu\/en\/wp-json\/wp\/v2\/pages\/351840\/revisions"}],"wp:attachment":[{"href":"https:\/\/cipokellekek.hu\/en\/wp-json\/wp\/v2\/media?parent=351840"}],"curies":[{"name":"wp","href":"https:\/\/api.w.org\/{rel}","templated":true}]}}